{"id":320,"date":"2021-09-09T16:38:34","date_gmt":"2021-09-09T14:38:34","guid":{"rendered":"http:\/\/qzrstudio.com\/redos\/?post_type=library&#038;p=320"},"modified":"2023-07-27T15:36:17","modified_gmt":"2023-07-27T13:36:17","slug":"biblioteca-comunale-piero-calamandrei","status":"publish","type":"library","link":"https:\/\/qzrstudio.com\/redos\/en\/biblioteca\/biblioteca-comunale-piero-calamandrei\/","title":{"rendered":"Biblioteca comunale &#8220;Piero Calamandrei&#8221;"},"content":{"rendered":"\n<div class=\"wp-block-columns is-layout-flex wp-container-core-columns-is-layout-2 wp-block-columns-is-layout-flex\">\n<div class=\"wp-block-column is-layout-flow wp-block-column-is-layout-flow\" style=\"flex-basis:40%\"><\/div>\n\n\n\n<div class=\"wp-block-column is-layout-flow wp-block-column-is-layout-flow\">\n<div class=\"wp-block-columns is-layout-flex wp-container-core-columns-is-layout-1 wp-block-columns-is-layout-flex\">\n<div class=\"wp-block-column is-layout-flow wp-block-column-is-layout-flow\" style=\"flex-basis:50%\">\n<p>Via Ricci, 6<\/p>\n\n\n\n<p>53045 Montepulciano<\/p>\n\n\n\n<p>0578 716935<\/p>\n\n\n\n<p><a href=\"mailto:segreteria@biblioteca.montepulciano.si.it\">email<\/a><\/p>\n\n\n\n<p><a href=\"https:\/\/www.biblioteca.montepulciano.si.it\/#\" target=\"_blank\" rel=\"noreferrer noopener\">sito web<\/a><\/p>\n\n\n\n<p><a href=\"https:\/\/www.facebook.com\/Biblioteca-Comunale-e-Archivio-Storico-Piero-Calamandrei-Montepulciano-118279873052\" target=\"_blank\" rel=\"noreferrer noopener\">facebook<\/a><\/p>\n\n\n\n<p><a href=\"https:\/\/www.instagram.com\/bibliotecamontepulciano\/\" target=\"_blank\" rel=\"noreferrer noopener\">instagram<\/a><\/p>\n<\/div>\n\n\n\n<div class=\"wp-block-column is-layout-flow wp-block-column-is-layout-flow\">\t\t<div class=\"qzr-dynamic-blocks\" data-template=\"\" data-type=\"timetables\">\r\n\t\t\t\n\n<p>marted\u00ec, gioved\u00ec e venerd\u00ec<\/p>\n\n\n\n<p>11:00-13:00 \/ 15:00-18:00<\/p>\n\n\n\n<p>sabato<\/p>\n\n\n\n<p>11:00-13:00 \/ 15:00-17:00<\/p>\n\n\t\t<\/div>\r\n\t<\/div>\n<\/div>\n<\/div>\n<\/div>\n\n\n<html><body><div class=\"wp-block-columns is-layout-flex wp-container-core-columns-is-layout-3 wp-block-columns-is-layout-flex\" data-border-bottom=\"1\">\n<div class=\"wp-block-column is-layout-flow wp-block-column-is-layout-flow\" style=\"flex-basis:40%\">\n<p class=\"is-style-label\">Servizi<\/p>\n<\/div>\n\n\n\n<div class=\"wp-block-column is-layout-flow wp-block-column-is-layout-flow\">\n<ul class=\"wp-block-list\">\n<li>prestito libri<\/li>\n\n\n\n<li>prestito interbibliotecario e document delivery<\/li>\n\n\n\n<li>consulenza bibliografica <\/li>\n<\/ul>\n<\/div>\n<\/div>\n<\/body><\/html>\n\n<html><body><div class=\"wp-block-columns is-layout-flex wp-container-core-columns-is-layout-4 wp-block-columns-is-layout-flex\" data-border-bottom=\"1\">\n<div class=\"wp-block-column is-layout-flow wp-block-column-is-layout-flow\" style=\"flex-basis:40%\">\n<p class=\"is-style-label\">La Biblioteca<\/p>\n<\/div>\n\n\n\n<div class=\"wp-block-column is-layout-flow wp-block-column-is-layout-flow\">\n<p>La Biblioteca comunale di Montepulciano trae origine dall\u2019antica Biblioteca del locale Collegio gesuitico. Al momento della soppressione dell\u2019Ordine e della chiusura del Collegio (1773), la Biblioteca venne trasferita immediatamente al Comune, e successivamente il suo patrimonio venne accresciuto con acquisti, e anche acquisizioni di fondi librari di altri Istituti religiosi del territorio, via via soppressi per le leggi eversive napoleoniche e unitarie, e donazioni di studiosi e privati. Nel corso del XIX secolo i fondi della Biblioteca mantennero la caratteristica di collezioni di studio, mentre nella cittadina la promozione della lettura rimaneva affidata a Biblioteche circolanti nate presso circoli culturali e politici. Queste biblioteche scompaiono con la prima guerra mondiale, dopo la quale anche la Biblioteca comunale conosce un periodo di sostanziale chiusura, fino agli inizi degli anni \u201970, quando si decide di riaprirla in modo regolare. In quel momento la dotazione libraria precedente alla prima guerra mondiale era di circa 12.000 volumi (tra cui circa 50 incunaboli e 1.200 edizioni del XVI secolo) mentre quella recente ammontava a circa 2.000 volumi, accresciutisi poi, principalmente per acquisti, ma anche per donazioni, fino ai circa 90.000 attuali (2021). Fino al 2018 la Biblioteca ha mantenuto prevalentemente il carattere di Istituto documentario per lo studio e la consultazione: da quell\u2019anno, con l\u2019apertura a scaffale aperto della Sezione bambini e ragazzi, e successivamente di quella per adulti (dalla fine della primavera del 2020), si \u00e8 accentuato il carattere di normale Biblioteca di pubblica lettura, con notevole incremento dei prestiti a domicilio. Si segnala comunque l\u2019acquisizione poi della Biblioteca e dell\u2019archivio di Ilio Calabresi, forse il pi\u00f9 importante studioso locale del territorio nel \u2019900.<\/p>\n\n\n\n<p>Dal 2007 la Biblioteca \u00e8 formalmente un\u2019istituzione comunale, con autonomia gestionale all\u2019interno del Comune di Montepulciano; il Comune la ha affidato la custodia e il riordino della sua sezione separata d\u2019archivio (Archivio storico comunale), riordino tuttora in corso; nella parte archivistica sono confluiti anche una parte dell\u2019archivio di Piero Calamandrei, noto giurista e padre costituzionale, gi\u00e0 riordinata e inventariata scientificamente, in deposito da parte della famiglia, una parte dell\u2019Archivio di Lidio Bozzini, gi\u00e0 comandante partigiano e successivamente figura di spicco nel panorama culturale romano del secondo dopoguerra, anch\u2019essa in deposito dalla famiglia, e quel che rimane degli archivi delle locali sezioni della Democrazia cristiana e dell\u2019Associazione Nazionale Partigiani d\u2019Italia.<\/p>\n\n\n\n<p>Attualmente (2021) la Biblioteca ha sede nel Palazzo Sisti, in via Ricci, ma ha il punto di accesso dei servizi e le sezioni a scaffale aperto presso il Palazzo del Capitano in piazza Grande.<\/p>\n<\/div>\n<\/div>\n<\/body><\/html>\n\n<html><body><div class=\"wp-block-columns is-layout-flex wp-container-core-columns-is-layout-5 wp-block-columns-is-layout-flex\" data-border-bottom=\"1\">\n<div class=\"wp-block-column is-layout-flow wp-block-column-is-layout-flow\" style=\"flex-basis:40%\">\n<p class=\"is-style-label\">Patrimonio Documentario<\/p>\n<\/div>\n\n\n\n<div class=\"wp-block-column is-layout-flow wp-block-column-is-layout-flow\">\n<p>I fondi antichi, provenendo in gran parte da istituti religiosi cattolici, vedono una prevalenza di opere di teologia, patristica, morale oltre ad alcuni testi biblici; vi si trovano, inoltre, autori della classicit\u00e0 greca e latina, e opere di varia cultura, anche scientifica, dato il carattere educativo del Collegio gesuitico a cui si deve la maggior parte dei testi. Il fondo moderno (post 1970) \u00e8 invece orientato verso le opere di studio e consultazione (soprattutto storia delle arti e storia locale, con particolare riferimento alla Toscana, all&#8217;Umbria e agli Etruschi) e, dal 2018, verso le opere per bambini e ragazzi e quelle di letteratura &#8220;di attualit\u00e0&#8221;.<\/p>\n<\/div>\n<\/div>\n<\/body><\/html>\n\n","protected":false},"featured_media":878,"template":"","class_list":["post-320","library","type-library","status-publish","has-post-thumbnail","hentry"],"yoast_head":"<!-- This site is optimized with the Yoast SEO plugin v24.8.1 - https:\/\/yoast.com\/wordpress\/plugins\/seo\/ -->\n<title>Biblioteca comunale &quot;Piero Calamandrei&quot; - ReDoS<\/title>\n<meta name=\"description\" content=\"La Biblioteca comunale di Montepulciano fa parte di ReDoS, la Rete documentaria e bibliotecaria senese delle biblioteche, degli archivi e dei centri di documentazione dei Comuni della provincia di Siena\" \/>\n<meta name=\"robots\" content=\"noindex, follow, max-snippet:-1, max-image-preview:large, max-video-preview:-1\" \/>\n<meta property=\"og:locale\" content=\"en_US\" \/>\n<meta property=\"og:type\" content=\"article\" \/>\n<meta property=\"og:title\" content=\"Biblioteca comunale &quot;Piero Calamandrei&quot; - ReDoS\" \/>\n<meta property=\"og:description\" content=\"La Biblioteca comunale di Montepulciano fa parte di ReDoS, la Rete documentaria e bibliotecaria senese delle biblioteche, degli archivi e dei centri di documentazione dei Comuni della provincia di Siena\" \/>\n<meta property=\"og:url\" content=\"https:\/\/qzrstudio.com\/redos\/biblioteca\/biblioteca-comunale-piero-calamandrei\/\" \/>\n<meta property=\"og:site_name\" content=\"ReDoS\" \/>\n<meta property=\"article:modified_time\" content=\"2023-07-27T13:36:17+00:00\" \/>\n<meta property=\"og:image\" content=\"https:\/\/qzrstudio.com\/redos\/wp-content\/uploads\/2021\/09\/montep.jpg\" \/>\n\t<meta property=\"og:image:width\" content=\"1251\" \/>\n\t<meta property=\"og:image:height\" content=\"642\" \/>\n\t<meta property=\"og:image:type\" content=\"image\/jpeg\" \/>\n<meta name=\"twitter:card\" content=\"summary_large_image\" \/>\n<meta name=\"twitter:label1\" content=\"Est. reading time\" \/>\n\t<meta name=\"twitter:data1\" content=\"3 minutes\" \/>\n<script type=\"application\/ld+json\" class=\"yoast-schema-graph\">{\"@context\":\"https:\/\/schema.org\",\"@graph\":[{\"@type\":\"WebPage\",\"@id\":\"https:\/\/qzrstudio.com\/redos\/biblioteca\/biblioteca-comunale-piero-calamandrei\/\",\"url\":\"https:\/\/qzrstudio.com\/redos\/biblioteca\/biblioteca-comunale-piero-calamandrei\/\",\"name\":\"Biblioteca comunale \\\"Piero Calamandrei\\\" - ReDoS\",\"isPartOf\":{\"@id\":\"https:\/\/qzrstudio.com\/redos\/#website\"},\"primaryImageOfPage\":{\"@id\":\"https:\/\/qzrstudio.com\/redos\/biblioteca\/biblioteca-comunale-piero-calamandrei\/#primaryimage\"},\"image\":{\"@id\":\"https:\/\/qzrstudio.com\/redos\/biblioteca\/biblioteca-comunale-piero-calamandrei\/#primaryimage\"},\"thumbnailUrl\":\"https:\/\/qzrstudio.com\/redos\/wp-content\/uploads\/2021\/09\/montep.jpg\",\"datePublished\":\"2021-09-09T14:38:34+00:00\",\"dateModified\":\"2023-07-27T13:36:17+00:00\",\"description\":\"La Biblioteca comunale di Montepulciano fa parte di ReDoS, la Rete documentaria e bibliotecaria senese delle biblioteche, degli archivi e dei centri di documentazione dei Comuni della provincia di Siena\",\"breadcrumb\":{\"@id\":\"https:\/\/qzrstudio.com\/redos\/biblioteca\/biblioteca-comunale-piero-calamandrei\/#breadcrumb\"},\"inLanguage\":\"en-US\",\"potentialAction\":[{\"@type\":\"ReadAction\",\"target\":[\"https:\/\/qzrstudio.com\/redos\/biblioteca\/biblioteca-comunale-piero-calamandrei\/\"]}]},{\"@type\":\"ImageObject\",\"inLanguage\":\"en-US\",\"@id\":\"https:\/\/qzrstudio.com\/redos\/biblioteca\/biblioteca-comunale-piero-calamandrei\/#primaryimage\",\"url\":\"https:\/\/qzrstudio.com\/redos\/wp-content\/uploads\/2021\/09\/montep.jpg\",\"contentUrl\":\"https:\/\/qzrstudio.com\/redos\/wp-content\/uploads\/2021\/09\/montep.jpg\",\"width\":1251,\"height\":642},{\"@type\":\"BreadcrumbList\",\"@id\":\"https:\/\/qzrstudio.com\/redos\/biblioteca\/biblioteca-comunale-piero-calamandrei\/#breadcrumb\",\"itemListElement\":[{\"@type\":\"ListItem\",\"position\":1,\"name\":\"Home\",\"item\":\"https:\/\/qzrstudio.com\/redos\/en\/\"},{\"@type\":\"ListItem\",\"position\":2,\"name\":\"Biblioteche\",\"item\":\"https:\/\/qzrstudio.com\/redos\/biblioteca\/\"},{\"@type\":\"ListItem\",\"position\":3,\"name\":\"Biblioteca comunale &#8220;Piero Calamandrei&#8221;\"}]},{\"@type\":\"WebSite\",\"@id\":\"https:\/\/qzrstudio.com\/redos\/#website\",\"url\":\"https:\/\/qzrstudio.com\/redos\/\",\"name\":\"ReDoS\",\"description\":\"Rete Documentaria Senese\",\"potentialAction\":[{\"@type\":\"SearchAction\",\"target\":{\"@type\":\"EntryPoint\",\"urlTemplate\":\"https:\/\/qzrstudio.com\/redos\/?s={search_term_string}\"},\"query-input\":{\"@type\":\"PropertyValueSpecification\",\"valueRequired\":true,\"valueName\":\"search_term_string\"}}],\"inLanguage\":\"en-US\"}]}<\/script>\n<!-- \/ Yoast SEO plugin. -->","yoast_head_json":{"title":"Biblioteca comunale \"Piero Calamandrei\" - ReDoS","description":"La Biblioteca comunale di Montepulciano fa parte di ReDoS, la Rete documentaria e bibliotecaria senese delle biblioteche, degli archivi e dei centri di documentazione dei Comuni della provincia di Siena","robots":{"index":"noindex","follow":"follow","max-snippet":"max-snippet:-1","max-image-preview":"max-image-preview:large","max-video-preview":"max-video-preview:-1"},"og_locale":"en_US","og_type":"article","og_title":"Biblioteca comunale \"Piero Calamandrei\" - ReDoS","og_description":"La Biblioteca comunale di Montepulciano fa parte di ReDoS, la Rete documentaria e bibliotecaria senese delle biblioteche, degli archivi e dei centri di documentazione dei Comuni della provincia di Siena","og_url":"https:\/\/qzrstudio.com\/redos\/biblioteca\/biblioteca-comunale-piero-calamandrei\/","og_site_name":"ReDoS","article_modified_time":"2023-07-27T13:36:17+00:00","og_image":[{"width":1251,"height":642,"url":"https:\/\/qzrstudio.com\/redos\/wp-content\/uploads\/2021\/09\/montep.jpg","type":"image\/jpeg"}],"twitter_card":"summary_large_image","twitter_misc":{"Est. reading time":"3 minutes"},"schema":{"@context":"https:\/\/schema.org","@graph":[{"@type":"WebPage","@id":"https:\/\/qzrstudio.com\/redos\/biblioteca\/biblioteca-comunale-piero-calamandrei\/","url":"https:\/\/qzrstudio.com\/redos\/biblioteca\/biblioteca-comunale-piero-calamandrei\/","name":"Biblioteca comunale \"Piero Calamandrei\" - ReDoS","isPartOf":{"@id":"https:\/\/qzrstudio.com\/redos\/#website"},"primaryImageOfPage":{"@id":"https:\/\/qzrstudio.com\/redos\/biblioteca\/biblioteca-comunale-piero-calamandrei\/#primaryimage"},"image":{"@id":"https:\/\/qzrstudio.com\/redos\/biblioteca\/biblioteca-comunale-piero-calamandrei\/#primaryimage"},"thumbnailUrl":"https:\/\/qzrstudio.com\/redos\/wp-content\/uploads\/2021\/09\/montep.jpg","datePublished":"2021-09-09T14:38:34+00:00","dateModified":"2023-07-27T13:36:17+00:00","description":"La Biblioteca comunale di Montepulciano fa parte di ReDoS, la Rete documentaria e bibliotecaria senese delle biblioteche, degli archivi e dei centri di documentazione dei Comuni della provincia di Siena","breadcrumb":{"@id":"https:\/\/qzrstudio.com\/redos\/biblioteca\/biblioteca-comunale-piero-calamandrei\/#breadcrumb"},"inLanguage":"en-US","potentialAction":[{"@type":"ReadAction","target":["https:\/\/qzrstudio.com\/redos\/biblioteca\/biblioteca-comunale-piero-calamandrei\/"]}]},{"@type":"ImageObject","inLanguage":"en-US","@id":"https:\/\/qzrstudio.com\/redos\/biblioteca\/biblioteca-comunale-piero-calamandrei\/#primaryimage","url":"https:\/\/qzrstudio.com\/redos\/wp-content\/uploads\/2021\/09\/montep.jpg","contentUrl":"https:\/\/qzrstudio.com\/redos\/wp-content\/uploads\/2021\/09\/montep.jpg","width":1251,"height":642},{"@type":"BreadcrumbList","@id":"https:\/\/qzrstudio.com\/redos\/biblioteca\/biblioteca-comunale-piero-calamandrei\/#breadcrumb","itemListElement":[{"@type":"ListItem","position":1,"name":"Home","item":"https:\/\/qzrstudio.com\/redos\/en\/"},{"@type":"ListItem","position":2,"name":"Biblioteche","item":"https:\/\/qzrstudio.com\/redos\/biblioteca\/"},{"@type":"ListItem","position":3,"name":"Biblioteca comunale &#8220;Piero Calamandrei&#8221;"}]},{"@type":"WebSite","@id":"https:\/\/qzrstudio.com\/redos\/#website","url":"https:\/\/qzrstudio.com\/redos\/","name":"ReDoS","description":"Rete Documentaria Senese","potentialAction":[{"@type":"SearchAction","target":{"@type":"EntryPoint","urlTemplate":"https:\/\/qzrstudio.com\/redos\/?s={search_term_string}"},"query-input":{"@type":"PropertyValueSpecification","valueRequired":true,"valueName":"search_term_string"}}],"inLanguage":"en-US"}]}},"_links":{"self":[{"href":"https:\/\/qzrstudio.com\/redos\/en\/wp-json\/wp\/v2\/library\/320","targetHints":{"allow":["GET"]}}],"collection":[{"href":"https:\/\/qzrstudio.com\/redos\/en\/wp-json\/wp\/v2\/library"}],"about":[{"href":"https:\/\/qzrstudio.com\/redos\/en\/wp-json\/wp\/v2\/types\/library"}],"wp:featuredmedia":[{"embeddable":true,"href":"https:\/\/qzrstudio.com\/redos\/en\/wp-json\/wp\/v2\/media\/878"}],"wp:attachment":[{"href":"https:\/\/qzrstudio.com\/redos\/en\/wp-json\/wp\/v2\/media?parent=320"}],"curies":[{"name":"wp","href":"https:\/\/api.w.org\/{rel}","templated":true}]}}