{"id":325,"date":"2021-09-09T18:02:03","date_gmt":"2021-09-09T16:02:03","guid":{"rendered":"http:\/\/qzrstudio.com\/redos\/?post_type=library&#038;p=325"},"modified":"2025-03-27T16:19:33","modified_gmt":"2025-03-27T15:19:33","slug":"biblioteca-comunale-degli-intronati","status":"publish","type":"library","link":"https:\/\/qzrstudio.com\/redos\/en\/biblioteca\/biblioteca-comunale-degli-intronati\/","title":{"rendered":"Biblioteca comunale degli Intronati"},"content":{"rendered":"\n<div class=\"wp-block-columns qzr-add-controls-border-bottom-true is-layout-flex wp-container-core-columns-is-layout-2 wp-block-columns-is-layout-flex\">\n<div class=\"wp-block-column is-layout-flow wp-block-column-is-layout-flow\" style=\"flex-basis:40%\"><\/div>\n\n\n\n<div class=\"wp-block-column is-layout-flow wp-block-column-is-layout-flow\">\n<div class=\"wp-block-columns qzr-add-controls-border-bottom-true is-layout-flex wp-container-core-columns-is-layout-1 wp-block-columns-is-layout-flex\">\n<div class=\"wp-block-column is-layout-flow wp-block-column-is-layout-flow\" style=\"flex-basis:50%\">\n<p>Via della Sapienza, 1-5<\/p>\n\n\n\n<p>53100 Siena<\/p>\n\n\n\n<p>0577 292666<\/p>\n\n\n\n<p><a href=\"mailto:biblioteca@biblioteca.comune.siena.it\">email<\/a><\/p>\n\n\n\n<p><a href=\"http:\/\/www.bibliotecasiena.it\" target=\"_blank\" rel=\"noreferrer noopener\">sito web<\/a><\/p>\n\n\n\n<p><a href=\"https:\/\/www.facebook.com\/BibliotecaComunaleIntronati\" target=\"_blank\" rel=\"noreferrer noopener\">facebook<\/a><\/p>\n\n\n\n<p><a href=\"https:\/\/www.instagram.com\/bibliotecasiena\/\" target=\"_blank\" rel=\"noreferrer noopener\">instagram<\/a><\/p>\n\n\n\n<p><a href=\"https:\/\/www.youtube.com\/user\/bibliotecasiena\" target=\"_blank\" rel=\"noreferrer noopener\">youtube<\/a><\/p>\n<\/div>\n\n\n\n<div class=\"wp-block-column is-layout-flow wp-block-column-is-layout-flow\">\t\t<div class=\"qzr-dynamic-blocks\" data-template=\"\" data-type=\"timetables\">\r\n\t\t\t\n\n<p>luned\u00ec-venerd\u00ec 9:00-18:45<\/p>\n\n\n\n<p>sabato 9:00-13:45<\/p>\n\n\n\n<p><\/p>\n\n\n\n<p><\/p>\n\n\t\t<\/div>\r\n\t<\/div>\n<\/div>\n<\/div>\n<\/div>\n\n\n<html><body><div class=\"wp-block-columns qzr-add-controls-border-bottom-true is-layout-flex wp-container-core-columns-is-layout-3 wp-block-columns-is-layout-flex\" data-border-bottom=\"1\">\n<div class=\"wp-block-column is-layout-flow wp-block-column-is-layout-flow\" style=\"flex-basis:40%\">\n<p class=\"is-style-label\">Servizi<\/p>\n<\/div>\n\n\n\n<div class=\"wp-block-column is-layout-flow wp-block-column-is-layout-flow\">\n<ul class=\"wp-block-list\">\n<li>prestito libri e DVD<\/li>\n\n\n\n<li>prestito interbibliotecario<\/li>\n\n\n\n<li>consulenza bibliografica<\/li>\n\n\n\n<li>laboratorio di fotoriproduzione<\/li>\n\n\n\n<li>visite guidate<\/li>\n\n\n\n<li>percorsi e laboratori didattici per le scuole<\/li>\n\n\n\n<li>fotocopie<\/li>\n\n\n\n<li>pc e collegamento a Internet<\/li>\n\n\n\n<li>accesso per disabili<\/li>\n\n\n\n<li>documenti in lingua straniera<\/li>\n\n\n\n<li>collegamento Wi-fi gratuito<\/li>\n<\/ul>\n<\/div>\n<\/div>\n<\/body><\/html>\n\n<html><body><div class=\"wp-block-columns qzr-add-controls-border-bottom-true is-layout-flex wp-container-core-columns-is-layout-4 wp-block-columns-is-layout-flex\" data-border-bottom=\"1\">\n<div class=\"wp-block-column is-layout-flow wp-block-column-is-layout-flow\" style=\"flex-basis:40%\">\n<p class=\"is-style-label\">La Biblioteca<\/p>\n<\/div>\n\n\n\n<div class=\"wp-block-column is-layout-flow wp-block-column-is-layout-flow\">\n<p>La Biblioteca comunale degli Intronati sorge sull\u2019antico complesso della Sapienza, uno dei luoghi pi\u00f9 ricchi di storia della citt\u00e0 di Siena, nato nel XII secolo come casa della Misericordia, ovvero spedale e ricovero per i poveri e i pellegrini. Durante il secolo XV divenne sede dello Studio e mantenne la destinazione universitaria fino all\u2019Ottocento. Nel 1758 l\u2019arcidiacono Sallustio Bandini don\u00f2 all\u2019Universit\u00e0 il suo patrimonio librario di 2.886 volumi che costituirono il nucleo originario della Biblioteca pubblica della citt\u00e0, divenuta poi Biblioteca comunale degli Intronati. Le acquisizioni del patrimonio conobbero un significativo incremento nel 1783 quando, a seguito delle soppressioni del granduca Pietro Leopoldo, la Biblioteca si arricch\u00ec di numerosi codici miniati provenienti da chiese e conventi. Sotto la direzione del francescano Luigi De Angelis, dal 1810 al 1833, la Biblioteca, divenuta civica in et\u00e0 napoleonica, increment\u00f2 il proprio patrimonio sviluppando anche una vocazione \u2018museale\u2019; l\u2019abate De Angelis, infatti, costitu\u00ec la prima raccolta d\u2019arte antica, trasformata in Pinacoteca nazionale nel 1930 quando fu trasferita nella sede attuale. Nel periodo postunitario la Biblioteca divenne rifugio di opere d\u2019arte, manoscritti e volumi a stampa che avrebbero rischiato la dispersione, a seguito delle nuove soppressioni degli ordini religiosi. Attraverso acquisti e donazioni (tra le quali importantissima quella del libraio ed editore senese Giuseppe Porri) il patrimonio continu\u00f2 a crescere nel tempo, conservando anche, oltre a libri e a manoscritti, stampe, disegni, monete, autografi in numero sempre maggiore.<\/p>\n\n\n\n<p>Dal 1996 la Biblioteca \u00e8 Istituzione del Comune di Siena; nel 2019 ha aggregato anche l\u2019Archivio storico comunale. A partire dalla met\u00e0 degli anni \u201990, a seguito del trasferimento del Museo archeologico e poi dell\u2019Istituto d\u2019Arte, l\u2019intero complesso di circa 8.000 metri quadrati, divenuto di uso esclusivo della Biblioteca, \u00e8 stato oggetto da parte dell\u2019Amministrazione di un piano di progressiva ristrutturazione e rifunzionalizzazione degli spazi tuttora in corso.<\/p>\n\n\n\n<p>La Biblioteca \u00e8 dotata di un laboratorio di fotoriproduzione che opera dal 1998 con scanner planetari di ultima generazione. \u00c8 in programma la pubblicazione della Biblioteca digitale, che includer\u00e0 una selezione di manoscritti, testi antichi a stampa, periodici, disegni e stampe facenti parte del patrimonio della Biblioteca.<\/p>\n\n\n\n<p>All\u2019interno della Biblioteca si conserva la \u201cLibreria e studiolo\u201d Del Taja, una libreria, realizzata tra il 1824 e il 1825, che l\u2019architetto senese Agostino Fantastici disegn\u00f2 per il palazzo del nobile senese Giulio del Taja ubicato nella centrale via Montanini. II complesso, composto da pavimento, librerie, scaffali e scrivania, di legno di cipresso, noce, ciliegio intarsiati con motivi classici vegetali e geometrici, \u00e8 dal 2006, di propriet\u00e0 della Fondazione Monte dei Paschi di Siena che lo ha concesso in comodato d\u2019uso alla Biblioteca.<\/p>\n\n\n\n<p>L\u2019istituzione, in ragione della sua storia, assolve allo stesso tempo la funzione di biblioteca storica e di conservazione e quella di biblioteca pubblica nel senso moderno del termine, che risponde ai bisogni di lettura e di informazione di tutti i membri della comunit\u00e0 senza distinzione alcuna.<\/p>\n<\/div>\n<\/div>\n<\/body><\/html>\n\n<html><body><div class=\"wp-block-columns qzr-add-controls-border-bottom-true is-layout-flex wp-container-core-columns-is-layout-5 wp-block-columns-is-layout-flex\" data-border-bottom=\"1\">\n<div class=\"wp-block-column is-layout-flow wp-block-column-is-layout-flow\" style=\"flex-basis:40%\">\n<p class=\"is-style-label\">Patrimonio Documentario<\/p>\n<\/div>\n\n\n\n<div class=\"wp-block-column is-layout-flow wp-block-column-is-layout-flow\">\n<p>Il patrimonio della Biblioteca supera abbondantemente il mezzo milione di unit\u00e0 e conta fra l\u2019altro 1.000 incunaboli, pi\u00f9 di 10.000 cinquecentine, circa 8.000 manoscritti dal IX al XIX secolo. Il Gabinetto disegni e stampe conserva circa 10.000 disegni e pi\u00f9 di 28.000 incisioni, un archivio fotografico e una raccolta di manifesti pubblicitari che vanno dalla fine dell\u2019Ottocento agli anni &#8217;30 del Novecento. Vanta infine una cospicua collezione di periodici.  Come <strong>biblioteca di pubblica lettura<\/strong> offre al pubblico risorse costantemente aggiornate in molti settore del sapere \u2013 principalmente di ambito umanistico \u2013, capaci di soddisfare diverse esigenza di lettura, informazione, studio e aggiornamento a livello divulgativo e, in alcuni casi, specialistico.<\/p>\n<\/div>\n<\/div>\n<\/body><\/html>\n\n","protected":false},"featured_media":952,"template":"","class_list":["post-325","library","type-library","status-publish","has-post-thumbnail","hentry"],"yoast_head":"<!-- This site is optimized with the Yoast SEO plugin v24.8.1 - https:\/\/yoast.com\/wordpress\/plugins\/seo\/ -->\n<title>Biblioteca comunale degli Intronati - ReDoS<\/title>\n<meta name=\"description\" content=\"La Biblioteca comunale degli Intronati di Siena \u00e8 la Biblioteca capofila di ReDoS, la Rete documentaria e bibliotecaria senese delle biblioteche, degli archivi e dei centri di documentazione dei Comuni della provincia di Siena\" \/>\n<meta name=\"robots\" content=\"noindex, follow, max-snippet:-1, max-image-preview:large, max-video-preview:-1\" \/>\n<meta property=\"og:locale\" content=\"en_US\" \/>\n<meta property=\"og:type\" content=\"article\" \/>\n<meta property=\"og:title\" content=\"Biblioteca comunale degli Intronati - ReDoS\" \/>\n<meta property=\"og:description\" content=\"La Biblioteca comunale degli Intronati di Siena \u00e8 la Biblioteca capofila di ReDoS, la Rete documentaria e bibliotecaria senese delle biblioteche, degli archivi e dei centri di documentazione dei Comuni della provincia di Siena\" \/>\n<meta property=\"og:url\" content=\"https:\/\/qzrstudio.com\/redos\/biblioteca\/biblioteca-comunale-degli-intronati\/\" \/>\n<meta property=\"og:site_name\" content=\"ReDoS\" \/>\n<meta property=\"article:modified_time\" content=\"2025-03-27T15:19:33+00:00\" \/>\n<meta property=\"og:image\" content=\"https:\/\/qzrstudio.com\/redos\/wp-content\/uploads\/2021\/09\/foto-intronati.jpg\" \/>\n\t<meta property=\"og:image:width\" content=\"1920\" \/>\n\t<meta property=\"og:image:height\" content=\"520\" \/>\n\t<meta property=\"og:image:type\" content=\"image\/jpeg\" \/>\n<meta name=\"twitter:card\" content=\"summary_large_image\" \/>\n<meta name=\"twitter:label1\" content=\"Est. reading time\" \/>\n\t<meta name=\"twitter:data1\" content=\"4 minutes\" \/>\n<script type=\"application\/ld+json\" class=\"yoast-schema-graph\">{\"@context\":\"https:\/\/schema.org\",\"@graph\":[{\"@type\":\"WebPage\",\"@id\":\"https:\/\/qzrstudio.com\/redos\/biblioteca\/biblioteca-comunale-degli-intronati\/\",\"url\":\"https:\/\/qzrstudio.com\/redos\/biblioteca\/biblioteca-comunale-degli-intronati\/\",\"name\":\"Biblioteca comunale degli Intronati - ReDoS\",\"isPartOf\":{\"@id\":\"https:\/\/qzrstudio.com\/redos\/#website\"},\"primaryImageOfPage\":{\"@id\":\"https:\/\/qzrstudio.com\/redos\/biblioteca\/biblioteca-comunale-degli-intronati\/#primaryimage\"},\"image\":{\"@id\":\"https:\/\/qzrstudio.com\/redos\/biblioteca\/biblioteca-comunale-degli-intronati\/#primaryimage\"},\"thumbnailUrl\":\"https:\/\/qzrstudio.com\/redos\/wp-content\/uploads\/2021\/09\/foto-intronati.jpg\",\"datePublished\":\"2021-09-09T16:02:03+00:00\",\"dateModified\":\"2025-03-27T15:19:33+00:00\",\"description\":\"La Biblioteca comunale degli Intronati di Siena \u00e8 la Biblioteca capofila di ReDoS, la Rete documentaria e bibliotecaria senese delle biblioteche, degli archivi e dei centri di documentazione dei Comuni della provincia di Siena\",\"breadcrumb\":{\"@id\":\"https:\/\/qzrstudio.com\/redos\/biblioteca\/biblioteca-comunale-degli-intronati\/#breadcrumb\"},\"inLanguage\":\"en-US\",\"potentialAction\":[{\"@type\":\"ReadAction\",\"target\":[\"https:\/\/qzrstudio.com\/redos\/biblioteca\/biblioteca-comunale-degli-intronati\/\"]}]},{\"@type\":\"ImageObject\",\"inLanguage\":\"en-US\",\"@id\":\"https:\/\/qzrstudio.com\/redos\/biblioteca\/biblioteca-comunale-degli-intronati\/#primaryimage\",\"url\":\"https:\/\/qzrstudio.com\/redos\/wp-content\/uploads\/2021\/09\/foto-intronati.jpg\",\"contentUrl\":\"https:\/\/qzrstudio.com\/redos\/wp-content\/uploads\/2021\/09\/foto-intronati.jpg\",\"width\":1920,\"height\":520},{\"@type\":\"BreadcrumbList\",\"@id\":\"https:\/\/qzrstudio.com\/redos\/biblioteca\/biblioteca-comunale-degli-intronati\/#breadcrumb\",\"itemListElement\":[{\"@type\":\"ListItem\",\"position\":1,\"name\":\"Home\",\"item\":\"https:\/\/qzrstudio.com\/redos\/en\/\"},{\"@type\":\"ListItem\",\"position\":2,\"name\":\"Biblioteche\",\"item\":\"https:\/\/qzrstudio.com\/redos\/biblioteca\/\"},{\"@type\":\"ListItem\",\"position\":3,\"name\":\"Biblioteca comunale degli Intronati\"}]},{\"@type\":\"WebSite\",\"@id\":\"https:\/\/qzrstudio.com\/redos\/#website\",\"url\":\"https:\/\/qzrstudio.com\/redos\/\",\"name\":\"ReDoS\",\"description\":\"Rete Documentaria Senese\",\"potentialAction\":[{\"@type\":\"SearchAction\",\"target\":{\"@type\":\"EntryPoint\",\"urlTemplate\":\"https:\/\/qzrstudio.com\/redos\/?s={search_term_string}\"},\"query-input\":{\"@type\":\"PropertyValueSpecification\",\"valueRequired\":true,\"valueName\":\"search_term_string\"}}],\"inLanguage\":\"en-US\"}]}<\/script>\n<!-- \/ Yoast SEO plugin. -->","yoast_head_json":{"title":"Biblioteca comunale degli Intronati - ReDoS","description":"La Biblioteca comunale degli Intronati di Siena \u00e8 la Biblioteca capofila di ReDoS, la Rete documentaria e bibliotecaria senese delle biblioteche, degli archivi e dei centri di documentazione dei Comuni della provincia di Siena","robots":{"index":"noindex","follow":"follow","max-snippet":"max-snippet:-1","max-image-preview":"max-image-preview:large","max-video-preview":"max-video-preview:-1"},"og_locale":"en_US","og_type":"article","og_title":"Biblioteca comunale degli Intronati - ReDoS","og_description":"La Biblioteca comunale degli Intronati di Siena \u00e8 la Biblioteca capofila di ReDoS, la Rete documentaria e bibliotecaria senese delle biblioteche, degli archivi e dei centri di documentazione dei Comuni della provincia di Siena","og_url":"https:\/\/qzrstudio.com\/redos\/biblioteca\/biblioteca-comunale-degli-intronati\/","og_site_name":"ReDoS","article_modified_time":"2025-03-27T15:19:33+00:00","og_image":[{"width":1920,"height":520,"url":"https:\/\/qzrstudio.com\/redos\/wp-content\/uploads\/2021\/09\/foto-intronati.jpg","type":"image\/jpeg"}],"twitter_card":"summary_large_image","twitter_misc":{"Est. reading time":"4 minutes"},"schema":{"@context":"https:\/\/schema.org","@graph":[{"@type":"WebPage","@id":"https:\/\/qzrstudio.com\/redos\/biblioteca\/biblioteca-comunale-degli-intronati\/","url":"https:\/\/qzrstudio.com\/redos\/biblioteca\/biblioteca-comunale-degli-intronati\/","name":"Biblioteca comunale degli Intronati - ReDoS","isPartOf":{"@id":"https:\/\/qzrstudio.com\/redos\/#website"},"primaryImageOfPage":{"@id":"https:\/\/qzrstudio.com\/redos\/biblioteca\/biblioteca-comunale-degli-intronati\/#primaryimage"},"image":{"@id":"https:\/\/qzrstudio.com\/redos\/biblioteca\/biblioteca-comunale-degli-intronati\/#primaryimage"},"thumbnailUrl":"https:\/\/qzrstudio.com\/redos\/wp-content\/uploads\/2021\/09\/foto-intronati.jpg","datePublished":"2021-09-09T16:02:03+00:00","dateModified":"2025-03-27T15:19:33+00:00","description":"La Biblioteca comunale degli Intronati di Siena \u00e8 la Biblioteca capofila di ReDoS, la Rete documentaria e bibliotecaria senese delle biblioteche, degli archivi e dei centri di documentazione dei Comuni della provincia di Siena","breadcrumb":{"@id":"https:\/\/qzrstudio.com\/redos\/biblioteca\/biblioteca-comunale-degli-intronati\/#breadcrumb"},"inLanguage":"en-US","potentialAction":[{"@type":"ReadAction","target":["https:\/\/qzrstudio.com\/redos\/biblioteca\/biblioteca-comunale-degli-intronati\/"]}]},{"@type":"ImageObject","inLanguage":"en-US","@id":"https:\/\/qzrstudio.com\/redos\/biblioteca\/biblioteca-comunale-degli-intronati\/#primaryimage","url":"https:\/\/qzrstudio.com\/redos\/wp-content\/uploads\/2021\/09\/foto-intronati.jpg","contentUrl":"https:\/\/qzrstudio.com\/redos\/wp-content\/uploads\/2021\/09\/foto-intronati.jpg","width":1920,"height":520},{"@type":"BreadcrumbList","@id":"https:\/\/qzrstudio.com\/redos\/biblioteca\/biblioteca-comunale-degli-intronati\/#breadcrumb","itemListElement":[{"@type":"ListItem","position":1,"name":"Home","item":"https:\/\/qzrstudio.com\/redos\/en\/"},{"@type":"ListItem","position":2,"name":"Biblioteche","item":"https:\/\/qzrstudio.com\/redos\/biblioteca\/"},{"@type":"ListItem","position":3,"name":"Biblioteca comunale degli Intronati"}]},{"@type":"WebSite","@id":"https:\/\/qzrstudio.com\/redos\/#website","url":"https:\/\/qzrstudio.com\/redos\/","name":"ReDoS","description":"Rete Documentaria Senese","potentialAction":[{"@type":"SearchAction","target":{"@type":"EntryPoint","urlTemplate":"https:\/\/qzrstudio.com\/redos\/?s={search_term_string}"},"query-input":{"@type":"PropertyValueSpecification","valueRequired":true,"valueName":"search_term_string"}}],"inLanguage":"en-US"}]}},"_links":{"self":[{"href":"https:\/\/qzrstudio.com\/redos\/en\/wp-json\/wp\/v2\/library\/325","targetHints":{"allow":["GET"]}}],"collection":[{"href":"https:\/\/qzrstudio.com\/redos\/en\/wp-json\/wp\/v2\/library"}],"about":[{"href":"https:\/\/qzrstudio.com\/redos\/en\/wp-json\/wp\/v2\/types\/library"}],"wp:featuredmedia":[{"embeddable":true,"href":"https:\/\/qzrstudio.com\/redos\/en\/wp-json\/wp\/v2\/media\/952"}],"wp:attachment":[{"href":"https:\/\/qzrstudio.com\/redos\/en\/wp-json\/wp\/v2\/media?parent=325"}],"curies":[{"name":"wp","href":"https:\/\/api.w.org\/{rel}","templated":true}]}}