{"id":344,"date":"2021-09-14T11:44:11","date_gmt":"2021-09-14T09:44:11","guid":{"rendered":"http:\/\/qzrstudio.com\/redos\/?post_type=library&#038;p=344"},"modified":"2025-03-12T13:06:42","modified_gmt":"2025-03-12T12:06:42","slug":"biblioteca-comunale-ugo-nomi-venerosi-pesciolini","status":"publish","type":"library","link":"https:\/\/qzrstudio.com\/redos\/en\/biblioteca\/biblioteca-comunale-ugo-nomi-venerosi-pesciolini\/","title":{"rendered":"Biblioteca comunale &#8220;Ugo Nomi Venerosi Pesciolini&#8221;"},"content":{"rendered":"\n<div class=\"wp-block-columns is-layout-flex wp-container-core-columns-is-layout-2 wp-block-columns-is-layout-flex\">\n<div class=\"wp-block-column is-layout-flow wp-block-column-is-layout-flow\" style=\"flex-basis:40%\"><\/div>\n\n\n\n<div class=\"wp-block-column is-layout-flow wp-block-column-is-layout-flow\">\n<div class=\"wp-block-columns is-layout-flex wp-container-core-columns-is-layout-1 wp-block-columns-is-layout-flex\">\n<div class=\"wp-block-column is-layout-flow wp-block-column-is-layout-flow\" style=\"flex-basis:50%\">\n<p>Via Folg\u00f3re, 17<\/p>\n\n\n\n<p>53037 San Gimignano<\/p>\n\n\n\n<p>0577 990373<\/p>\n\n\n\n<p> <a href=\"mailto:biblioteca@comune.sangimignano.si.it\">email<\/a> <\/p>\n\n\n\n<p><a href=\"https:\/\/www.comune.sangimignano.si.it\/it\" target=\"_blank\" rel=\"noreferrer noopener\">sito web<\/a> (Comune di San Gimignano) <\/p>\n<\/div>\n\n\n\n<div class=\"wp-block-column is-layout-flow wp-block-column-is-layout-flow\">\t\t<div class=\"qzr-dynamic-blocks\" data-template=\"\" data-type=\"timetables\">\r\n\t\t\t\n\n<p>luned\u00ec, mercoled\u00ec, gioved\u00ec<br>e venerd\u00ec 14:30-19.30<\/p>\n\n\n\n<p>marted\u00ec e sabato 9:00-12:00<\/p>\n\n\t\t<\/div>\r\n\t<\/div>\n<\/div>\n<\/div>\n<\/div>\n\n\n<html><body><div class=\"wp-block-columns is-layout-flex wp-container-core-columns-is-layout-3 wp-block-columns-is-layout-flex\" data-border-bottom=\"1\">\n<div class=\"wp-block-column is-layout-flow wp-block-column-is-layout-flow\" style=\"flex-basis:40%\">\n<p class=\"is-style-label\">Servizi<\/p>\n<\/div>\n\n\n\n<div class=\"wp-block-column is-layout-flow wp-block-column-is-layout-flow\">\n<p><\/p>\n\n\n\n<ul class=\"wp-block-list\">\n<li>prestito libri<\/li>\n\n\n\n<li>prestito DVD<\/li>\n\n\n\n<li>prestito audiolibri<\/li>\n\n\n\n<li>prestito interbibliotecario<\/li>\n\n\n\n<li>consulenza bibliografica<\/li>\n\n\n\n<li>fotocopie<\/li>\n\n\n\n<li>riproduzioni digitali<\/li>\n\n\n\n<li>collegamento a Internet<\/li>\n\n\n\n<li>accesso per disabili<\/li>\n\n\n\n<li>postazioni per consultazione e studio<\/li>\n\n\n\n<li>spazio di lettura all\u2019aperto<\/li>\n\n\n\n<li>collegamento wi-fi gratuito<\/li>\n\n\n\n<li>attivit\u00e0 di promozione della lettura<\/li>\n<\/ul>\n<\/div>\n<\/div>\n<\/body><\/html>\n\n<html><body><div class=\"wp-block-columns is-layout-flex wp-container-core-columns-is-layout-4 wp-block-columns-is-layout-flex\" data-border-bottom=\"1\">\n<div class=\"wp-block-column is-layout-flow wp-block-column-is-layout-flow\" style=\"flex-basis:40%\">\n<p class=\"is-style-label\">La Biblioteca<\/p>\n<\/div>\n\n\n\n<div class=\"wp-block-column is-layout-flow wp-block-column-is-layout-flow\">\n<p>La Biblioteca comunale di San Gimignano \u00e8 una biblioteca di pubblica lettura di ente locale che, oltre a perseguire gli obiettivi di conservazione del patrimonio storico documentario, svolge funzioni di biblioteca contemporanea di informazione generale e assicura ai cittadini un accesso libero e gratuito all\u2019informazione e alla conoscenza. La Biblioteca sostiene l\u2019istruzione formale e informale che si svolge durante tutto l\u2019arco della vita e offre una aggiornata offerta di libri sia per i pi\u00f9 piccoli sia per ragazzi. Nei suoi locali \u00e8 ospitato anche l\u2019Archivio storico del Comune di San Gimignano.<\/p>\n<\/div>\n<\/div>\n<\/body><\/html>\n\n<html><body><div class=\"wp-block-columns is-layout-flex wp-container-core-columns-is-layout-5 wp-block-columns-is-layout-flex\" data-border-bottom=\"1\">\n<div class=\"wp-block-column is-layout-flow wp-block-column-is-layout-flow\" style=\"flex-basis:40%\">\n<p class=\"is-style-label\">Patrimonio Documentario<\/p>\n<\/div>\n\n\n\n<div class=\"wp-block-column is-layout-flow wp-block-column-is-layout-flow\">\n<p>Nel fondo antico della Biblioteca si conservano 32 incunaboli, 1.685 cinquecentine, 2.137 seicentine, 7.500 settecentine, circa 20.000 ottocentine, 195 manoscritti.<\/p>\n\n\n\n<p>Il fondo moderno consiste di circa 80.000 volumi, circa 5.000 unit\u00e0 multimediali \u2013 tra DVD e CD \u2013, 1.764  fotografie dei secoli XIX e XX.<\/p>\n<\/div>\n<\/div>\n<\/body><\/html>\n\n","protected":false},"featured_media":599,"template":"","class_list":["post-344","library","type-library","status-publish","has-post-thumbnail","hentry"],"yoast_head":"<!-- This site is optimized with the Yoast SEO plugin v24.8.1 - https:\/\/yoast.com\/wordpress\/plugins\/seo\/ -->\n<title>Biblioteca comunale &quot;Ugo Nomi Venerosi Pesciolini&quot; - ReDoS<\/title>\n<meta name=\"description\" content=\"La Biblioteca comunale &quot;Ugo Nomi Venerosi Pesciolini&quot; di San Gimignano fa parte di ReDoS, la Rete documentaria e bibliotecaria senese delle biblioteche, degli archivi e dei centri di documentazione dei Comuni della provincia di Siena\" \/>\n<meta name=\"robots\" content=\"noindex, follow, max-snippet:-1, max-image-preview:large, max-video-preview:-1\" \/>\n<meta property=\"og:locale\" content=\"en_US\" \/>\n<meta property=\"og:type\" content=\"article\" \/>\n<meta property=\"og:title\" content=\"Biblioteca comunale &quot;Ugo Nomi Venerosi Pesciolini&quot; - ReDoS\" \/>\n<meta property=\"og:description\" content=\"La Biblioteca comunale &quot;Ugo Nomi Venerosi Pesciolini&quot; di San Gimignano fa parte di ReDoS, la Rete documentaria e bibliotecaria senese delle biblioteche, degli archivi e dei centri di documentazione dei Comuni della provincia di Siena\" \/>\n<meta property=\"og:url\" content=\"https:\/\/qzrstudio.com\/redos\/biblioteca\/biblioteca-comunale-ugo-nomi-venerosi-pesciolini\/\" \/>\n<meta property=\"og:site_name\" content=\"ReDoS\" \/>\n<meta property=\"article:modified_time\" content=\"2025-03-12T12:06:42+00:00\" \/>\n<meta property=\"og:image\" content=\"https:\/\/qzrstudio.com\/redos\/wp-content\/uploads\/2021\/09\/San-Gimignano_Biblioteca_DSC_1235.jpg\" \/>\n\t<meta property=\"og:image:width\" content=\"1920\" \/>\n\t<meta property=\"og:image:height\" content=\"520\" \/>\n\t<meta property=\"og:image:type\" content=\"image\/jpeg\" \/>\n<meta name=\"twitter:card\" content=\"summary_large_image\" \/>\n<meta name=\"twitter:label1\" content=\"Est. reading time\" \/>\n\t<meta name=\"twitter:data1\" content=\"2 minutes\" \/>\n<script type=\"application\/ld+json\" class=\"yoast-schema-graph\">{\"@context\":\"https:\/\/schema.org\",\"@graph\":[{\"@type\":\"WebPage\",\"@id\":\"https:\/\/qzrstudio.com\/redos\/biblioteca\/biblioteca-comunale-ugo-nomi-venerosi-pesciolini\/\",\"url\":\"https:\/\/qzrstudio.com\/redos\/biblioteca\/biblioteca-comunale-ugo-nomi-venerosi-pesciolini\/\",\"name\":\"Biblioteca comunale \\\"Ugo Nomi Venerosi Pesciolini\\\" - ReDoS\",\"isPartOf\":{\"@id\":\"https:\/\/qzrstudio.com\/redos\/#website\"},\"primaryImageOfPage\":{\"@id\":\"https:\/\/qzrstudio.com\/redos\/biblioteca\/biblioteca-comunale-ugo-nomi-venerosi-pesciolini\/#primaryimage\"},\"image\":{\"@id\":\"https:\/\/qzrstudio.com\/redos\/biblioteca\/biblioteca-comunale-ugo-nomi-venerosi-pesciolini\/#primaryimage\"},\"thumbnailUrl\":\"https:\/\/qzrstudio.com\/redos\/wp-content\/uploads\/2021\/09\/San-Gimignano_Biblioteca_DSC_1235.jpg\",\"datePublished\":\"2021-09-14T09:44:11+00:00\",\"dateModified\":\"2025-03-12T12:06:42+00:00\",\"description\":\"La Biblioteca comunale \\\"Ugo Nomi Venerosi Pesciolini\\\" di San Gimignano fa parte di ReDoS, la Rete documentaria e bibliotecaria senese delle biblioteche, degli archivi e dei centri di documentazione dei Comuni della provincia di Siena\",\"breadcrumb\":{\"@id\":\"https:\/\/qzrstudio.com\/redos\/biblioteca\/biblioteca-comunale-ugo-nomi-venerosi-pesciolini\/#breadcrumb\"},\"inLanguage\":\"en-US\",\"potentialAction\":[{\"@type\":\"ReadAction\",\"target\":[\"https:\/\/qzrstudio.com\/redos\/biblioteca\/biblioteca-comunale-ugo-nomi-venerosi-pesciolini\/\"]}]},{\"@type\":\"ImageObject\",\"inLanguage\":\"en-US\",\"@id\":\"https:\/\/qzrstudio.com\/redos\/biblioteca\/biblioteca-comunale-ugo-nomi-venerosi-pesciolini\/#primaryimage\",\"url\":\"https:\/\/qzrstudio.com\/redos\/wp-content\/uploads\/2021\/09\/San-Gimignano_Biblioteca_DSC_1235.jpg\",\"contentUrl\":\"https:\/\/qzrstudio.com\/redos\/wp-content\/uploads\/2021\/09\/San-Gimignano_Biblioteca_DSC_1235.jpg\",\"width\":1920,\"height\":520},{\"@type\":\"BreadcrumbList\",\"@id\":\"https:\/\/qzrstudio.com\/redos\/biblioteca\/biblioteca-comunale-ugo-nomi-venerosi-pesciolini\/#breadcrumb\",\"itemListElement\":[{\"@type\":\"ListItem\",\"position\":1,\"name\":\"Home\",\"item\":\"https:\/\/qzrstudio.com\/redos\/en\/\"},{\"@type\":\"ListItem\",\"position\":2,\"name\":\"Biblioteche\",\"item\":\"https:\/\/qzrstudio.com\/redos\/biblioteca\/\"},{\"@type\":\"ListItem\",\"position\":3,\"name\":\"Biblioteca comunale &#8220;Ugo Nomi Venerosi Pesciolini&#8221;\"}]},{\"@type\":\"WebSite\",\"@id\":\"https:\/\/qzrstudio.com\/redos\/#website\",\"url\":\"https:\/\/qzrstudio.com\/redos\/\",\"name\":\"ReDoS\",\"description\":\"Rete Documentaria Senese\",\"potentialAction\":[{\"@type\":\"SearchAction\",\"target\":{\"@type\":\"EntryPoint\",\"urlTemplate\":\"https:\/\/qzrstudio.com\/redos\/?s={search_term_string}\"},\"query-input\":{\"@type\":\"PropertyValueSpecification\",\"valueRequired\":true,\"valueName\":\"search_term_string\"}}],\"inLanguage\":\"en-US\"}]}<\/script>\n<!-- \/ Yoast SEO plugin. -->","yoast_head_json":{"title":"Biblioteca comunale \"Ugo Nomi Venerosi Pesciolini\" - ReDoS","description":"La Biblioteca comunale \"Ugo Nomi Venerosi Pesciolini\" di San Gimignano fa parte di ReDoS, la Rete documentaria e bibliotecaria senese delle biblioteche, degli archivi e dei centri di documentazione dei Comuni della provincia di Siena","robots":{"index":"noindex","follow":"follow","max-snippet":"max-snippet:-1","max-image-preview":"max-image-preview:large","max-video-preview":"max-video-preview:-1"},"og_locale":"en_US","og_type":"article","og_title":"Biblioteca comunale \"Ugo Nomi Venerosi Pesciolini\" - ReDoS","og_description":"La Biblioteca comunale \"Ugo Nomi Venerosi Pesciolini\" di San Gimignano fa parte di ReDoS, la Rete documentaria e bibliotecaria senese delle biblioteche, degli archivi e dei centri di documentazione dei Comuni della provincia di Siena","og_url":"https:\/\/qzrstudio.com\/redos\/biblioteca\/biblioteca-comunale-ugo-nomi-venerosi-pesciolini\/","og_site_name":"ReDoS","article_modified_time":"2025-03-12T12:06:42+00:00","og_image":[{"width":1920,"height":520,"url":"https:\/\/qzrstudio.com\/redos\/wp-content\/uploads\/2021\/09\/San-Gimignano_Biblioteca_DSC_1235.jpg","type":"image\/jpeg"}],"twitter_card":"summary_large_image","twitter_misc":{"Est. reading time":"2 minutes"},"schema":{"@context":"https:\/\/schema.org","@graph":[{"@type":"WebPage","@id":"https:\/\/qzrstudio.com\/redos\/biblioteca\/biblioteca-comunale-ugo-nomi-venerosi-pesciolini\/","url":"https:\/\/qzrstudio.com\/redos\/biblioteca\/biblioteca-comunale-ugo-nomi-venerosi-pesciolini\/","name":"Biblioteca comunale \"Ugo Nomi Venerosi Pesciolini\" - ReDoS","isPartOf":{"@id":"https:\/\/qzrstudio.com\/redos\/#website"},"primaryImageOfPage":{"@id":"https:\/\/qzrstudio.com\/redos\/biblioteca\/biblioteca-comunale-ugo-nomi-venerosi-pesciolini\/#primaryimage"},"image":{"@id":"https:\/\/qzrstudio.com\/redos\/biblioteca\/biblioteca-comunale-ugo-nomi-venerosi-pesciolini\/#primaryimage"},"thumbnailUrl":"https:\/\/qzrstudio.com\/redos\/wp-content\/uploads\/2021\/09\/San-Gimignano_Biblioteca_DSC_1235.jpg","datePublished":"2021-09-14T09:44:11+00:00","dateModified":"2025-03-12T12:06:42+00:00","description":"La Biblioteca comunale \"Ugo Nomi Venerosi Pesciolini\" di San Gimignano fa parte di ReDoS, la Rete documentaria e bibliotecaria senese delle biblioteche, degli archivi e dei centri di documentazione dei Comuni della provincia di Siena","breadcrumb":{"@id":"https:\/\/qzrstudio.com\/redos\/biblioteca\/biblioteca-comunale-ugo-nomi-venerosi-pesciolini\/#breadcrumb"},"inLanguage":"en-US","potentialAction":[{"@type":"ReadAction","target":["https:\/\/qzrstudio.com\/redos\/biblioteca\/biblioteca-comunale-ugo-nomi-venerosi-pesciolini\/"]}]},{"@type":"ImageObject","inLanguage":"en-US","@id":"https:\/\/qzrstudio.com\/redos\/biblioteca\/biblioteca-comunale-ugo-nomi-venerosi-pesciolini\/#primaryimage","url":"https:\/\/qzrstudio.com\/redos\/wp-content\/uploads\/2021\/09\/San-Gimignano_Biblioteca_DSC_1235.jpg","contentUrl":"https:\/\/qzrstudio.com\/redos\/wp-content\/uploads\/2021\/09\/San-Gimignano_Biblioteca_DSC_1235.jpg","width":1920,"height":520},{"@type":"BreadcrumbList","@id":"https:\/\/qzrstudio.com\/redos\/biblioteca\/biblioteca-comunale-ugo-nomi-venerosi-pesciolini\/#breadcrumb","itemListElement":[{"@type":"ListItem","position":1,"name":"Home","item":"https:\/\/qzrstudio.com\/redos\/en\/"},{"@type":"ListItem","position":2,"name":"Biblioteche","item":"https:\/\/qzrstudio.com\/redos\/biblioteca\/"},{"@type":"ListItem","position":3,"name":"Biblioteca comunale &#8220;Ugo Nomi Venerosi Pesciolini&#8221;"}]},{"@type":"WebSite","@id":"https:\/\/qzrstudio.com\/redos\/#website","url":"https:\/\/qzrstudio.com\/redos\/","name":"ReDoS","description":"Rete Documentaria Senese","potentialAction":[{"@type":"SearchAction","target":{"@type":"EntryPoint","urlTemplate":"https:\/\/qzrstudio.com\/redos\/?s={search_term_string}"},"query-input":{"@type":"PropertyValueSpecification","valueRequired":true,"valueName":"search_term_string"}}],"inLanguage":"en-US"}]}},"_links":{"self":[{"href":"https:\/\/qzrstudio.com\/redos\/en\/wp-json\/wp\/v2\/library\/344","targetHints":{"allow":["GET"]}}],"collection":[{"href":"https:\/\/qzrstudio.com\/redos\/en\/wp-json\/wp\/v2\/library"}],"about":[{"href":"https:\/\/qzrstudio.com\/redos\/en\/wp-json\/wp\/v2\/types\/library"}],"wp:featuredmedia":[{"embeddable":true,"href":"https:\/\/qzrstudio.com\/redos\/en\/wp-json\/wp\/v2\/media\/599"}],"wp:attachment":[{"href":"https:\/\/qzrstudio.com\/redos\/en\/wp-json\/wp\/v2\/media?parent=344"}],"curies":[{"name":"wp","href":"https:\/\/api.w.org\/{rel}","templated":true}]}}