{"id":181,"date":"2021-05-25T14:59:52","date_gmt":"2021-05-25T12:59:52","guid":{"rendered":"http:\/\/qzrstudio.com\/redos\/?post_type=library&#038;p=181"},"modified":"2025-03-12T12:43:52","modified_gmt":"2025-03-12T11:43:52","slug":"biblioteca-comunale-marcello-braccagni","status":"publish","type":"library","link":"https:\/\/qzrstudio.com\/redos\/biblioteca\/biblioteca-comunale-marcello-braccagni\/","title":{"rendered":"Biblioteca comunale &#8220;Marcello Braccagni&#8221;"},"content":{"rendered":"\n<div class=\"wp-block-columns is-layout-flex wp-container-core-columns-is-layout-2 wp-block-columns-is-layout-flex\">\n<div class=\"wp-block-column is-layout-flow wp-block-column-is-layout-flow\" style=\"flex-basis:40%\"><\/div>\n\n\n\n<div class=\"wp-block-column is-layout-flow wp-block-column-is-layout-flow\">\n<div class=\"wp-block-columns is-layout-flex wp-container-core-columns-is-layout-1 wp-block-columns-is-layout-flex\">\n<div class=\"wp-block-column is-layout-flow wp-block-column-is-layout-flow\" style=\"flex-basis:50%\">\n<p>Via di Spugna, 78<\/p>\n\n\n\n<p>53034&nbsp;Colle di Val d&#8217;Elsa&nbsp;<br>0577 922065<\/p>\n\n\n\n<p><a href=\"mailto:biblioteca@comune.collevaldelsa.it\">mail<\/a><\/p>\n\n\n\n<p><a href=\"https:\/\/www.facebook.com\/bibliotecabraccagni\" target=\"_blank\" rel=\"noreferrer noopener\">facebook<\/a><\/p>\n\n\n\n<p><a href=\"https:\/\/www.instagram.com\/bibliobraccagni\/\">instagram<\/a><\/p>\n\n\n\n<p><a href=\"https:\/\/www.comune.colle-di-val-d-elsa.si.it\/it\/page\/10023\">sito web<\/a> (Comune di Colle di Val d&#8217;Elsa)<\/p>\n<\/div>\n\n\n\n<div class=\"wp-block-column is-layout-flow wp-block-column-is-layout-flow\">\t\t<div class=\"qzr-dynamic-blocks\" data-template=\"choose\" data-type=\"timetables\">\r\n\t\t\t\n\n<p><strong>dal 1\u00b0 settembre al 30 giugno<\/strong><\/p>\n\n\n\n<p>luned\u00ec, mercoled\u00ec, gioved\u00ec e venerd\u00ec<\/p>\n\n\n\n<p>9:30-13:00 e 15:00-19:00<\/p>\n\n\n\n<p>marted\u00ec 15:00-19:00<\/p>\n\n\n\n<p>sabato 9:30-13:00<\/p>\n\n\n\n<p><strong>dal 1\u00b0 luglio al 31 agosto<\/strong><\/p>\n\n\n\n<p>luned\u00ec, mercoled\u00ec, gioved\u00ec e venerd\u00ec<\/p>\n\n\n\n<p>9:30-13:00 e 15:00-19:00<\/p>\n\n\n\n<p>marted\u00ec 15:00-19:00<\/p>\n\n\t\t<\/div>\r\n\t<\/div>\n<\/div>\n<\/div>\n<\/div>\n\n\n<html><body><div class=\"wp-block-columns is-layout-flex wp-container-core-columns-is-layout-3 wp-block-columns-is-layout-flex\" data-border-bottom=\"1\">\n<div class=\"wp-block-column is-layout-flow wp-block-column-is-layout-flow\" style=\"flex-basis:40%\">\n<p class=\"is-style-label\">Servizi<\/p>\n<\/div>\n\n\n\n<div class=\"wp-block-column is-layout-flow wp-block-column-is-layout-flow\">\n<ul class=\"wp-block-list\">\n<li>prestito<\/li>\n\n\n\n<li>prestito interbibliotecario<\/li>\n\n\n\n<li>consulenza bibliografica<\/li>\n\n\n\n<li>visite guidate<\/li>\n\n\n\n<li>didattica della biblioteca<\/li>\n\n\n\n<li>da pc e collegamento a internet<\/li>\n\n\n\n<li>accesso per disabili<\/li>\n\n\n\n<li>documenti in lingua straniera<\/li>\n\n\n\n<li>audiolibri e libri ad alta leggibilit\u00e0<\/li>\n\n\n\n<li>MediaLibraryOnLine<\/li>\n\n\n\n<li>gruppo di lettura<\/li>\n\n\n\n<li>documenti multimediali<\/li>\n\n\n\n<li>emeroteca<\/li>\n\n\n\n<li>fotocopie e servizi digitali<\/li>\n\n\n\n<li>punti prestito<\/li>\n\n\n\n<li>&#8220;Parole accanto&#8221; \u2013 Biblioteca in ospedale (Campostaggia)<\/li>\n<\/ul>\n<\/div>\n<\/div>\n<\/body><\/html>\n\n<html><body><div class=\"wp-block-columns is-layout-flex wp-container-core-columns-is-layout-4 wp-block-columns-is-layout-flex\" data-border-bottom=\"1\">\n<div class=\"wp-block-column is-layout-flow wp-block-column-is-layout-flow\" style=\"flex-basis:40%\">\n<p class=\"is-style-label\">La Biblioteca<\/p>\n<\/div>\n\n\n\n<div class=\"wp-block-column is-layout-flow wp-block-column-is-layout-flow\">\n<p>I locali dell&#8217;ex edificio industriale che attualmente ospitano la Biblioteca comunale offrono uno spazio di circa 700 mq, organizzato in modo funzionale e moderno, in cui sono collocati oltre 80.000 volumi. Accanto alla tradizionale sala di lettura sono stati previsti spazi destinati ai bambini e ad un\u2019utenza giovanile.<\/p>\n\n\n\n<p>La Biblioteca promuove varie iniziative culturali e di promozione della lettura: laboratori per bambini e ragazzi, maratone di lettura, punti-prestito in zone decentrate (\u201cFuori Luogo\u201d e \u201cParole accanto\u201d), conferenze, presentazioni di libri, incontri con autori, il gruppo di lettura \u201cQualcuno con cui leggere\u201d.<\/p>\n\n\n\n<p>La Biblioteca sostiene l\u2019istruzione formale e informale che si svolge durante tutto l\u2019arco della vita, offre una aggiornata offerta di libri sia per i pi\u00f9 piccoli sia per ragazzi e sostiene la progettazione dei servizi all\u2019infanzia e delle scuole cittadine proponendo percorsi e attivit\u00e0 a loro dedicati.<\/p>\n<\/div>\n<\/div>\n<\/body><\/html>\n\n<html><body><div class=\"wp-block-columns is-layout-flex wp-container-core-columns-is-layout-5 wp-block-columns-is-layout-flex\" data-border-bottom=\"1\">\n<div class=\"wp-block-column is-layout-flow wp-block-column-is-layout-flow\" style=\"flex-basis:40%\">\n<p class=\"is-style-label\">Patrimonio Documentario<\/p>\n<\/div>\n\n\n\n<div class=\"wp-block-column is-layout-flow wp-block-column-is-layout-flow\">\n<p>Vi si conservano oltre 80.000 volumi, l\u2019Archivio comunale postunitario, dieci fondi archivistici e il fondo librario antico che \u00e8 composto da circa 1.200 volumi (XVI- XIX secolo).<\/p>\n\n\n\n<p><\/p>\n<\/div>\n<\/div>\n<\/body><\/html>\n\n","protected":false},"featured_media":182,"template":"","class_list":["post-181","library","type-library","status-publish","has-post-thumbnail","hentry"],"yoast_head":"<!-- This site is optimized with the Yoast SEO plugin v24.8.1 - https:\/\/yoast.com\/wordpress\/plugins\/seo\/ -->\n<title>Biblioteca comunale &quot;Marcello Braccagni&quot; - ReDoS<\/title>\n<meta name=\"description\" content=\"La Biblioteca comunale &quot;Marcello Braccagni&quot; di Colle di Val d&#039;Elsa d&#039;Asso fa parte di ReDoS, la Rete documentaria e bibliotecaria senese delle biblioteche, degli archivi e dei centri di documentazione dei Comuni della provincia di Siena\" \/>\n<meta name=\"robots\" content=\"noindex, follow, max-snippet:-1, max-image-preview:large, max-video-preview:-1\" \/>\n<meta property=\"og:locale\" content=\"it_IT\" \/>\n<meta property=\"og:type\" content=\"article\" \/>\n<meta property=\"og:title\" content=\"Biblioteca comunale &quot;Marcello Braccagni&quot; - ReDoS\" \/>\n<meta property=\"og:description\" content=\"La Biblioteca comunale &quot;Marcello Braccagni&quot; di Colle di Val d&#039;Elsa d&#039;Asso fa parte di ReDoS, la Rete documentaria e bibliotecaria senese delle biblioteche, degli archivi e dei centri di documentazione dei Comuni della provincia di Siena\" \/>\n<meta property=\"og:url\" content=\"https:\/\/qzrstudio.com\/redos\/biblioteca\/biblioteca-comunale-marcello-braccagni\/\" \/>\n<meta property=\"og:site_name\" content=\"ReDoS\" \/>\n<meta property=\"article:modified_time\" content=\"2025-03-12T11:43:52+00:00\" \/>\n<meta property=\"og:image\" content=\"https:\/\/qzrstudio.com\/redos\/wp-content\/uploads\/2021\/05\/Colle-DSC_1166.jpg\" \/>\n\t<meta property=\"og:image:width\" content=\"1920\" \/>\n\t<meta property=\"og:image:height\" content=\"520\" \/>\n\t<meta property=\"og:image:type\" content=\"image\/jpeg\" \/>\n<meta name=\"twitter:card\" content=\"summary_large_image\" \/>\n<meta name=\"twitter:label1\" content=\"Tempo di lettura stimato\" \/>\n\t<meta name=\"twitter:data1\" content=\"2 minuti\" \/>\n<script type=\"application\/ld+json\" class=\"yoast-schema-graph\">{\"@context\":\"https:\/\/schema.org\",\"@graph\":[{\"@type\":\"WebPage\",\"@id\":\"https:\/\/qzrstudio.com\/redos\/biblioteca\/biblioteca-comunale-marcello-braccagni\/\",\"url\":\"https:\/\/qzrstudio.com\/redos\/biblioteca\/biblioteca-comunale-marcello-braccagni\/\",\"name\":\"Biblioteca comunale \\\"Marcello Braccagni\\\" - ReDoS\",\"isPartOf\":{\"@id\":\"https:\/\/qzrstudio.com\/redos\/#website\"},\"primaryImageOfPage\":{\"@id\":\"https:\/\/qzrstudio.com\/redos\/biblioteca\/biblioteca-comunale-marcello-braccagni\/#primaryimage\"},\"image\":{\"@id\":\"https:\/\/qzrstudio.com\/redos\/biblioteca\/biblioteca-comunale-marcello-braccagni\/#primaryimage\"},\"thumbnailUrl\":\"https:\/\/qzrstudio.com\/redos\/wp-content\/uploads\/2021\/05\/Colle-DSC_1166.jpg\",\"datePublished\":\"2021-05-25T12:59:52+00:00\",\"dateModified\":\"2025-03-12T11:43:52+00:00\",\"description\":\"La Biblioteca comunale \\\"Marcello Braccagni\\\" di Colle di Val d'Elsa d'Asso fa parte di ReDoS, la Rete documentaria e bibliotecaria senese delle biblioteche, degli archivi e dei centri di documentazione dei Comuni della provincia di Siena\",\"breadcrumb\":{\"@id\":\"https:\/\/qzrstudio.com\/redos\/biblioteca\/biblioteca-comunale-marcello-braccagni\/#breadcrumb\"},\"inLanguage\":\"it-IT\",\"potentialAction\":[{\"@type\":\"ReadAction\",\"target\":[\"https:\/\/qzrstudio.com\/redos\/biblioteca\/biblioteca-comunale-marcello-braccagni\/\"]}]},{\"@type\":\"ImageObject\",\"inLanguage\":\"it-IT\",\"@id\":\"https:\/\/qzrstudio.com\/redos\/biblioteca\/biblioteca-comunale-marcello-braccagni\/#primaryimage\",\"url\":\"https:\/\/qzrstudio.com\/redos\/wp-content\/uploads\/2021\/05\/Colle-DSC_1166.jpg\",\"contentUrl\":\"https:\/\/qzrstudio.com\/redos\/wp-content\/uploads\/2021\/05\/Colle-DSC_1166.jpg\",\"width\":1920,\"height\":520},{\"@type\":\"BreadcrumbList\",\"@id\":\"https:\/\/qzrstudio.com\/redos\/biblioteca\/biblioteca-comunale-marcello-braccagni\/#breadcrumb\",\"itemListElement\":[{\"@type\":\"ListItem\",\"position\":1,\"name\":\"Home\",\"item\":\"https:\/\/qzrstudio.com\/redos\/\"},{\"@type\":\"ListItem\",\"position\":2,\"name\":\"Biblioteche\",\"item\":\"https:\/\/qzrstudio.com\/redos\/biblioteca\/\"},{\"@type\":\"ListItem\",\"position\":3,\"name\":\"Biblioteca comunale &#8220;Marcello Braccagni&#8221;\"}]},{\"@type\":\"WebSite\",\"@id\":\"https:\/\/qzrstudio.com\/redos\/#website\",\"url\":\"https:\/\/qzrstudio.com\/redos\/\",\"name\":\"ReDoS\",\"description\":\"Rete Documentaria Senese\",\"potentialAction\":[{\"@type\":\"SearchAction\",\"target\":{\"@type\":\"EntryPoint\",\"urlTemplate\":\"https:\/\/qzrstudio.com\/redos\/?s={search_term_string}\"},\"query-input\":{\"@type\":\"PropertyValueSpecification\",\"valueRequired\":true,\"valueName\":\"search_term_string\"}}],\"inLanguage\":\"it-IT\"}]}<\/script>\n<!-- \/ Yoast SEO plugin. -->","yoast_head_json":{"title":"Biblioteca comunale \"Marcello Braccagni\" - ReDoS","description":"La Biblioteca comunale \"Marcello Braccagni\" di Colle di Val d'Elsa d'Asso fa parte di ReDoS, la Rete documentaria e bibliotecaria senese delle biblioteche, degli archivi e dei centri di documentazione dei Comuni della provincia di Siena","robots":{"index":"noindex","follow":"follow","max-snippet":"max-snippet:-1","max-image-preview":"max-image-preview:large","max-video-preview":"max-video-preview:-1"},"og_locale":"it_IT","og_type":"article","og_title":"Biblioteca comunale \"Marcello Braccagni\" - ReDoS","og_description":"La Biblioteca comunale \"Marcello Braccagni\" di Colle di Val d'Elsa d'Asso fa parte di ReDoS, la Rete documentaria e bibliotecaria senese delle biblioteche, degli archivi e dei centri di documentazione dei Comuni della provincia di Siena","og_url":"https:\/\/qzrstudio.com\/redos\/biblioteca\/biblioteca-comunale-marcello-braccagni\/","og_site_name":"ReDoS","article_modified_time":"2025-03-12T11:43:52+00:00","og_image":[{"width":1920,"height":520,"url":"https:\/\/qzrstudio.com\/redos\/wp-content\/uploads\/2021\/05\/Colle-DSC_1166.jpg","type":"image\/jpeg"}],"twitter_card":"summary_large_image","twitter_misc":{"Tempo di lettura stimato":"2 minuti"},"schema":{"@context":"https:\/\/schema.org","@graph":[{"@type":"WebPage","@id":"https:\/\/qzrstudio.com\/redos\/biblioteca\/biblioteca-comunale-marcello-braccagni\/","url":"https:\/\/qzrstudio.com\/redos\/biblioteca\/biblioteca-comunale-marcello-braccagni\/","name":"Biblioteca comunale \"Marcello Braccagni\" - ReDoS","isPartOf":{"@id":"https:\/\/qzrstudio.com\/redos\/#website"},"primaryImageOfPage":{"@id":"https:\/\/qzrstudio.com\/redos\/biblioteca\/biblioteca-comunale-marcello-braccagni\/#primaryimage"},"image":{"@id":"https:\/\/qzrstudio.com\/redos\/biblioteca\/biblioteca-comunale-marcello-braccagni\/#primaryimage"},"thumbnailUrl":"https:\/\/qzrstudio.com\/redos\/wp-content\/uploads\/2021\/05\/Colle-DSC_1166.jpg","datePublished":"2021-05-25T12:59:52+00:00","dateModified":"2025-03-12T11:43:52+00:00","description":"La Biblioteca comunale \"Marcello Braccagni\" di Colle di Val d'Elsa d'Asso fa parte di ReDoS, la Rete documentaria e bibliotecaria senese delle biblioteche, degli archivi e dei centri di documentazione dei Comuni della provincia di Siena","breadcrumb":{"@id":"https:\/\/qzrstudio.com\/redos\/biblioteca\/biblioteca-comunale-marcello-braccagni\/#breadcrumb"},"inLanguage":"it-IT","potentialAction":[{"@type":"ReadAction","target":["https:\/\/qzrstudio.com\/redos\/biblioteca\/biblioteca-comunale-marcello-braccagni\/"]}]},{"@type":"ImageObject","inLanguage":"it-IT","@id":"https:\/\/qzrstudio.com\/redos\/biblioteca\/biblioteca-comunale-marcello-braccagni\/#primaryimage","url":"https:\/\/qzrstudio.com\/redos\/wp-content\/uploads\/2021\/05\/Colle-DSC_1166.jpg","contentUrl":"https:\/\/qzrstudio.com\/redos\/wp-content\/uploads\/2021\/05\/Colle-DSC_1166.jpg","width":1920,"height":520},{"@type":"BreadcrumbList","@id":"https:\/\/qzrstudio.com\/redos\/biblioteca\/biblioteca-comunale-marcello-braccagni\/#breadcrumb","itemListElement":[{"@type":"ListItem","position":1,"name":"Home","item":"https:\/\/qzrstudio.com\/redos\/"},{"@type":"ListItem","position":2,"name":"Biblioteche","item":"https:\/\/qzrstudio.com\/redos\/biblioteca\/"},{"@type":"ListItem","position":3,"name":"Biblioteca comunale &#8220;Marcello Braccagni&#8221;"}]},{"@type":"WebSite","@id":"https:\/\/qzrstudio.com\/redos\/#website","url":"https:\/\/qzrstudio.com\/redos\/","name":"ReDoS","description":"Rete Documentaria Senese","potentialAction":[{"@type":"SearchAction","target":{"@type":"EntryPoint","urlTemplate":"https:\/\/qzrstudio.com\/redos\/?s={search_term_string}"},"query-input":{"@type":"PropertyValueSpecification","valueRequired":true,"valueName":"search_term_string"}}],"inLanguage":"it-IT"}]}},"_links":{"self":[{"href":"https:\/\/qzrstudio.com\/redos\/wp-json\/wp\/v2\/library\/181","targetHints":{"allow":["GET"]}}],"collection":[{"href":"https:\/\/qzrstudio.com\/redos\/wp-json\/wp\/v2\/library"}],"about":[{"href":"https:\/\/qzrstudio.com\/redos\/wp-json\/wp\/v2\/types\/library"}],"wp:featuredmedia":[{"embeddable":true,"href":"https:\/\/qzrstudio.com\/redos\/wp-json\/wp\/v2\/media\/182"}],"wp:attachment":[{"href":"https:\/\/qzrstudio.com\/redos\/wp-json\/wp\/v2\/media?parent=181"}],"curies":[{"name":"wp","href":"https:\/\/api.w.org\/{rel}","templated":true}]}}