{"id":184,"date":"2021-05-25T16:07:10","date_gmt":"2021-05-25T14:07:10","guid":{"rendered":"http:\/\/qzrstudio.com\/redos\/?post_type=library&#038;p=184"},"modified":"2025-04-03T12:49:44","modified_gmt":"2025-04-03T10:49:44","slug":"biblioteca-comunale-dina-ferri","status":"publish","type":"library","link":"https:\/\/qzrstudio.com\/redos\/biblioteca\/biblioteca-comunale-dina-ferri\/","title":{"rendered":"Biblioteca comunale &#8220;Dina Ferri&#8221;"},"content":{"rendered":"\n<div class=\"wp-block-columns is-layout-flex wp-container-core-columns-is-layout-2 wp-block-columns-is-layout-flex\">\n<div class=\"wp-block-column is-layout-flow wp-block-column-is-layout-flow\" style=\"flex-basis:40%\"><\/div>\n\n\n\n<div class=\"wp-block-column is-layout-flow wp-block-column-is-layout-flow\">\n<div class=\"wp-block-columns is-layout-flex wp-container-core-columns-is-layout-1 wp-block-columns-is-layout-flex\">\n<div class=\"wp-block-column is-layout-flow wp-block-column-is-layout-flow\" style=\"flex-basis:50%\">\n<p>Via Tiberio Gazzei, 55<br>53030 Radicondoli <br>0577 790903 (tasto 6)<br><a href=\"mailto:biblioteca.radicondoli@gmail.com\">email<\/a><\/p>\n\n\n\n<p><a href=\"http:\/\/www.facebook.com\/bibliotecaradicondoli\">facebook<\/a><br><a href=\"http:\/\/www.instagram.com\/bibliotecaradicondoli\/\" target=\"_blank\" rel=\"noreferrer noopener\">instagram<\/a><\/p>\n\n\n\n<p><a href=\"https:\/\/www.comune.radicondoli.si.it\/home\/servizi\/servizio~1f37e2be-ef45-4ede-bdac-a5e1e4b864d2~.html\" target=\"_blank\" rel=\"noreferrer noopener\">sito web<\/a> (Comune di Radicondoli)<\/p>\n<\/div>\n\n\n\n<div class=\"wp-block-column is-layout-flow wp-block-column-is-layout-flow\">\t\t<div class=\"qzr-dynamic-blocks\" data-template=\"choose\" data-type=\"timetables\">\r\n\t\t\t\n\n<p>luned\u00ec 9:30-12:30<\/p>\n\n\n\n<p>marted\u00ec, mercoled\u00ec e gioved\u00ec 16:00-19:00<\/p>\n\n\n\n<p>venerd\u00ec 9:30-12:30<\/p>\n\n\t\t<\/div>\r\n\t<\/div>\n<\/div>\n<\/div>\n<\/div>\n\n\n<html><body><div class=\"wp-block-columns is-layout-flex wp-container-core-columns-is-layout-3 wp-block-columns-is-layout-flex\" data-border-bottom=\"1\">\n<div class=\"wp-block-column is-layout-flow wp-block-column-is-layout-flow\" style=\"flex-basis:40%\">\n<p class=\"is-style-label\">Servizi<\/p>\n<\/div>\n\n\n\n<div class=\"wp-block-column is-layout-flow wp-block-column-is-layout-flow\">\n<ul class=\"wp-block-list\">\n<li>prestito<\/li>\n\n\n\n<li>prestito interbibliotecario<\/li>\n\n\n\n<li>consulenza bibliografica<\/li>\n\n\n\n<li>fotocopie e stampe<\/li>\n\n\n\n<li>visite guidate<\/li>\n\n\n\n<li>pc e collegamento internet Wi-Fi gratuito<\/li>\n\n\n\n<li>accesso per disabili<\/li>\n<\/ul>\n<\/div>\n<\/div>\n<\/body><\/html>\n\n<html><body><div class=\"wp-block-columns is-layout-flex wp-container-core-columns-is-layout-4 wp-block-columns-is-layout-flex\" data-border-bottom=\"1\">\n<div class=\"wp-block-column is-layout-flow wp-block-column-is-layout-flow\" style=\"flex-basis:40%\">\n<p class=\"is-style-label\">La Biblioteca<\/p>\n<\/div>\n\n\n\n<div class=\"wp-block-column is-layout-flow wp-block-column-is-layout-flow\">\n<p>\u201cLa mia vita fino ad oggi? \u00c8 un libro di quattro pagine. Come per le viole, la prima \u00e8 pi\u00f9 odorosa. L&#8217;ultima \u00e8 sgualcita dalla pioggia, proprio come l&#8217;ultima mammola piegata su lo stelo dall&#8217;acquazzone d&#8217;estate. Torner\u00e0 il sole?&#8221; \u00a0(<em>Quaderno del nulla<\/em>, Il Leccio 1999).<br><\/br>Le parole sono quelle della pastora poetessa Dina Ferri, nata nei primi anni del &#8216;900 nei territori di Radicondoli e dal paese omaggiata con l&#8217;intitolazione della Biblioteca comunale. La lettura per la Ferri rappresent\u00f2 l&#8217;unica chiave d&#8217;accesso alla cultura e alla consapevolezza di s\u00e9, uno strumento di emancipazione e di evasione, lo stesso che oggi la Biblioteca vuole garantire alla comunit\u00e0.\u00a0Oltre a un confortevole ambiente, completamente ristrutturato, e una vista mozzafiato, la Biblioteca offre ai lettori pi\u00f9 piccoli i <em>Favoled\u00ec<\/em>, appuntamenti di lettura ad alta voce e attivit\u00e0 laboratoriali e il corso d\u2019inglese gratuito <em>English in Library<\/em>. Ai lettori adulti sono rivolti i periodici incontri con autori e gli appuntamenti con il gruppo lettura mensile <em>Leggimi, o Dina\u2026<\/em> Incontri mensili anche per il gruppo di giochi di parole <em>Gioca, o Dina&#8230; <\/em><\/p>\n<\/div>\n<\/div>\n<\/body><\/html>\n\n<html><body><div class=\"wp-block-columns is-layout-flex wp-container-core-columns-is-layout-5 wp-block-columns-is-layout-flex\" data-border-bottom=\"1\">\n<div class=\"wp-block-column is-layout-flow wp-block-column-is-layout-flow\" style=\"flex-basis:40%\">\n<p class=\"is-style-label\">Patrimonio Documentario<\/p>\n<\/div>\n\n\n\n<div class=\"wp-block-column is-layout-flow wp-block-column-is-layout-flow\">\n<p>Il patrimonio della Biblioteca \u00e8 organizzato principalmente tra narrativa classica e contemporanea, saggistica (con particolare riguardo ai libri dedicati al territorio di Radicondoli, alla provincia di Siena e in generale alla nostra Regione), libri per bimbi, ragazzi e giovani adulti, audiolibri, periodici.<\/p>\n\n\n\n<p>In fase di ampliamento la piccola collezione di dvd e il fondo di libri in lingua straniera per lo pi\u00f9 inglese e tedesca.<\/p>\n\n\n\n<p><\/p>\n<\/div>\n<\/div>\n<\/body><\/html>\n\n","protected":false},"featured_media":374,"template":"","class_list":["post-184","library","type-library","status-publish","has-post-thumbnail","hentry"],"yoast_head":"<!-- This site is optimized with the Yoast SEO plugin v24.8.1 - https:\/\/yoast.com\/wordpress\/plugins\/seo\/ -->\n<title>Biblioteca comunale &quot;Dina Ferri&quot; - ReDoS<\/title>\n<meta name=\"description\" content=\"La Biblioteca comunale &quot;Dina Ferri&quot; di Radicondoli fa parte di ReDoS, la Rete documentaria e bibliotecaria senese delle biblioteche, degli archivi e dei centri di documentazione dei Comuni della provincia di Siena\" \/>\n<meta name=\"robots\" content=\"noindex, follow, max-snippet:-1, max-image-preview:large, max-video-preview:-1\" \/>\n<meta property=\"og:locale\" content=\"it_IT\" \/>\n<meta property=\"og:type\" content=\"article\" \/>\n<meta property=\"og:title\" content=\"Biblioteca comunale &quot;Dina Ferri&quot; - ReDoS\" \/>\n<meta property=\"og:description\" content=\"La Biblioteca comunale &quot;Dina Ferri&quot; di Radicondoli fa parte di ReDoS, la Rete documentaria e bibliotecaria senese delle biblioteche, degli archivi e dei centri di documentazione dei Comuni della provincia di Siena\" \/>\n<meta property=\"og:url\" content=\"https:\/\/qzrstudio.com\/redos\/biblioteca\/biblioteca-comunale-dina-ferri\/\" \/>\n<meta property=\"og:site_name\" content=\"ReDoS\" \/>\n<meta property=\"article:modified_time\" content=\"2025-04-03T10:49:44+00:00\" \/>\n<meta property=\"og:image\" content=\"https:\/\/qzrstudio.com\/redos\/wp-content\/uploads\/2021\/05\/Radicondoli-DSC_1652-copia.jpg\" \/>\n\t<meta property=\"og:image:width\" content=\"1920\" \/>\n\t<meta property=\"og:image:height\" content=\"520\" \/>\n\t<meta property=\"og:image:type\" content=\"image\/jpeg\" \/>\n<meta name=\"twitter:card\" content=\"summary_large_image\" \/>\n<meta name=\"twitter:label1\" content=\"Tempo di lettura stimato\" \/>\n\t<meta name=\"twitter:data1\" content=\"2 minuti\" \/>\n<script type=\"application\/ld+json\" class=\"yoast-schema-graph\">{\"@context\":\"https:\/\/schema.org\",\"@graph\":[{\"@type\":\"WebPage\",\"@id\":\"https:\/\/qzrstudio.com\/redos\/biblioteca\/biblioteca-comunale-dina-ferri\/\",\"url\":\"https:\/\/qzrstudio.com\/redos\/biblioteca\/biblioteca-comunale-dina-ferri\/\",\"name\":\"Biblioteca comunale \\\"Dina Ferri\\\" - ReDoS\",\"isPartOf\":{\"@id\":\"https:\/\/qzrstudio.com\/redos\/#website\"},\"primaryImageOfPage\":{\"@id\":\"https:\/\/qzrstudio.com\/redos\/biblioteca\/biblioteca-comunale-dina-ferri\/#primaryimage\"},\"image\":{\"@id\":\"https:\/\/qzrstudio.com\/redos\/biblioteca\/biblioteca-comunale-dina-ferri\/#primaryimage\"},\"thumbnailUrl\":\"https:\/\/qzrstudio.com\/redos\/wp-content\/uploads\/2021\/05\/Radicondoli-DSC_1652-copia.jpg\",\"datePublished\":\"2021-05-25T14:07:10+00:00\",\"dateModified\":\"2025-04-03T10:49:44+00:00\",\"description\":\"La Biblioteca comunale \\\"Dina Ferri\\\" di Radicondoli fa parte di ReDoS, la Rete documentaria e bibliotecaria senese delle biblioteche, degli archivi e dei centri di documentazione dei Comuni della provincia di Siena\",\"breadcrumb\":{\"@id\":\"https:\/\/qzrstudio.com\/redos\/biblioteca\/biblioteca-comunale-dina-ferri\/#breadcrumb\"},\"inLanguage\":\"it-IT\",\"potentialAction\":[{\"@type\":\"ReadAction\",\"target\":[\"https:\/\/qzrstudio.com\/redos\/biblioteca\/biblioteca-comunale-dina-ferri\/\"]}]},{\"@type\":\"ImageObject\",\"inLanguage\":\"it-IT\",\"@id\":\"https:\/\/qzrstudio.com\/redos\/biblioteca\/biblioteca-comunale-dina-ferri\/#primaryimage\",\"url\":\"https:\/\/qzrstudio.com\/redos\/wp-content\/uploads\/2021\/05\/Radicondoli-DSC_1652-copia.jpg\",\"contentUrl\":\"https:\/\/qzrstudio.com\/redos\/wp-content\/uploads\/2021\/05\/Radicondoli-DSC_1652-copia.jpg\",\"width\":1920,\"height\":520},{\"@type\":\"BreadcrumbList\",\"@id\":\"https:\/\/qzrstudio.com\/redos\/biblioteca\/biblioteca-comunale-dina-ferri\/#breadcrumb\",\"itemListElement\":[{\"@type\":\"ListItem\",\"position\":1,\"name\":\"Home\",\"item\":\"https:\/\/qzrstudio.com\/redos\/\"},{\"@type\":\"ListItem\",\"position\":2,\"name\":\"Biblioteche\",\"item\":\"https:\/\/qzrstudio.com\/redos\/biblioteca\/\"},{\"@type\":\"ListItem\",\"position\":3,\"name\":\"Biblioteca comunale &#8220;Dina Ferri&#8221;\"}]},{\"@type\":\"WebSite\",\"@id\":\"https:\/\/qzrstudio.com\/redos\/#website\",\"url\":\"https:\/\/qzrstudio.com\/redos\/\",\"name\":\"ReDoS\",\"description\":\"Rete Documentaria Senese\",\"potentialAction\":[{\"@type\":\"SearchAction\",\"target\":{\"@type\":\"EntryPoint\",\"urlTemplate\":\"https:\/\/qzrstudio.com\/redos\/?s={search_term_string}\"},\"query-input\":{\"@type\":\"PropertyValueSpecification\",\"valueRequired\":true,\"valueName\":\"search_term_string\"}}],\"inLanguage\":\"it-IT\"}]}<\/script>\n<!-- \/ Yoast SEO plugin. -->","yoast_head_json":{"title":"Biblioteca comunale \"Dina Ferri\" - ReDoS","description":"La Biblioteca comunale \"Dina Ferri\" di Radicondoli fa parte di ReDoS, la Rete documentaria e bibliotecaria senese delle biblioteche, degli archivi e dei centri di documentazione dei Comuni della provincia di Siena","robots":{"index":"noindex","follow":"follow","max-snippet":"max-snippet:-1","max-image-preview":"max-image-preview:large","max-video-preview":"max-video-preview:-1"},"og_locale":"it_IT","og_type":"article","og_title":"Biblioteca comunale \"Dina Ferri\" - ReDoS","og_description":"La Biblioteca comunale \"Dina Ferri\" di Radicondoli fa parte di ReDoS, la Rete documentaria e bibliotecaria senese delle biblioteche, degli archivi e dei centri di documentazione dei Comuni della provincia di Siena","og_url":"https:\/\/qzrstudio.com\/redos\/biblioteca\/biblioteca-comunale-dina-ferri\/","og_site_name":"ReDoS","article_modified_time":"2025-04-03T10:49:44+00:00","og_image":[{"width":1920,"height":520,"url":"https:\/\/qzrstudio.com\/redos\/wp-content\/uploads\/2021\/05\/Radicondoli-DSC_1652-copia.jpg","type":"image\/jpeg"}],"twitter_card":"summary_large_image","twitter_misc":{"Tempo di lettura stimato":"2 minuti"},"schema":{"@context":"https:\/\/schema.org","@graph":[{"@type":"WebPage","@id":"https:\/\/qzrstudio.com\/redos\/biblioteca\/biblioteca-comunale-dina-ferri\/","url":"https:\/\/qzrstudio.com\/redos\/biblioteca\/biblioteca-comunale-dina-ferri\/","name":"Biblioteca comunale \"Dina Ferri\" - ReDoS","isPartOf":{"@id":"https:\/\/qzrstudio.com\/redos\/#website"},"primaryImageOfPage":{"@id":"https:\/\/qzrstudio.com\/redos\/biblioteca\/biblioteca-comunale-dina-ferri\/#primaryimage"},"image":{"@id":"https:\/\/qzrstudio.com\/redos\/biblioteca\/biblioteca-comunale-dina-ferri\/#primaryimage"},"thumbnailUrl":"https:\/\/qzrstudio.com\/redos\/wp-content\/uploads\/2021\/05\/Radicondoli-DSC_1652-copia.jpg","datePublished":"2021-05-25T14:07:10+00:00","dateModified":"2025-04-03T10:49:44+00:00","description":"La Biblioteca comunale \"Dina Ferri\" di Radicondoli fa parte di ReDoS, la Rete documentaria e bibliotecaria senese delle biblioteche, degli archivi e dei centri di documentazione dei Comuni della provincia di Siena","breadcrumb":{"@id":"https:\/\/qzrstudio.com\/redos\/biblioteca\/biblioteca-comunale-dina-ferri\/#breadcrumb"},"inLanguage":"it-IT","potentialAction":[{"@type":"ReadAction","target":["https:\/\/qzrstudio.com\/redos\/biblioteca\/biblioteca-comunale-dina-ferri\/"]}]},{"@type":"ImageObject","inLanguage":"it-IT","@id":"https:\/\/qzrstudio.com\/redos\/biblioteca\/biblioteca-comunale-dina-ferri\/#primaryimage","url":"https:\/\/qzrstudio.com\/redos\/wp-content\/uploads\/2021\/05\/Radicondoli-DSC_1652-copia.jpg","contentUrl":"https:\/\/qzrstudio.com\/redos\/wp-content\/uploads\/2021\/05\/Radicondoli-DSC_1652-copia.jpg","width":1920,"height":520},{"@type":"BreadcrumbList","@id":"https:\/\/qzrstudio.com\/redos\/biblioteca\/biblioteca-comunale-dina-ferri\/#breadcrumb","itemListElement":[{"@type":"ListItem","position":1,"name":"Home","item":"https:\/\/qzrstudio.com\/redos\/"},{"@type":"ListItem","position":2,"name":"Biblioteche","item":"https:\/\/qzrstudio.com\/redos\/biblioteca\/"},{"@type":"ListItem","position":3,"name":"Biblioteca comunale &#8220;Dina Ferri&#8221;"}]},{"@type":"WebSite","@id":"https:\/\/qzrstudio.com\/redos\/#website","url":"https:\/\/qzrstudio.com\/redos\/","name":"ReDoS","description":"Rete Documentaria Senese","potentialAction":[{"@type":"SearchAction","target":{"@type":"EntryPoint","urlTemplate":"https:\/\/qzrstudio.com\/redos\/?s={search_term_string}"},"query-input":{"@type":"PropertyValueSpecification","valueRequired":true,"valueName":"search_term_string"}}],"inLanguage":"it-IT"}]}},"_links":{"self":[{"href":"https:\/\/qzrstudio.com\/redos\/wp-json\/wp\/v2\/library\/184","targetHints":{"allow":["GET"]}}],"collection":[{"href":"https:\/\/qzrstudio.com\/redos\/wp-json\/wp\/v2\/library"}],"about":[{"href":"https:\/\/qzrstudio.com\/redos\/wp-json\/wp\/v2\/types\/library"}],"wp:featuredmedia":[{"embeddable":true,"href":"https:\/\/qzrstudio.com\/redos\/wp-json\/wp\/v2\/media\/374"}],"wp:attachment":[{"href":"https:\/\/qzrstudio.com\/redos\/wp-json\/wp\/v2\/media?parent=184"}],"curies":[{"name":"wp","href":"https:\/\/api.w.org\/{rel}","templated":true}]}}