{"id":227,"date":"2021-06-08T17:05:31","date_gmt":"2021-06-08T15:05:31","guid":{"rendered":"http:\/\/qzrstudio.com\/redos\/?post_type=library&#038;p=227"},"modified":"2025-03-20T16:10:58","modified_gmt":"2025-03-20T15:10:58","slug":"biblioteca-comunale-di-monteriggioni","status":"publish","type":"library","link":"https:\/\/qzrstudio.com\/redos\/biblioteca\/biblioteca-comunale-di-monteriggioni\/","title":{"rendered":"Biblioteca comunale di Monteriggioni"},"content":{"rendered":"\n<div class=\"wp-block-columns is-layout-flex wp-container-core-columns-is-layout-2 wp-block-columns-is-layout-flex\">\n<div class=\"wp-block-column is-layout-flow wp-block-column-is-layout-flow\" style=\"flex-basis:40%\"><\/div>\n\n\n\n<div class=\"wp-block-column is-layout-flow wp-block-column-is-layout-flow\">\n<div class=\"wp-block-columns is-layout-flex wp-container-core-columns-is-layout-1 wp-block-columns-is-layout-flex\">\n<div class=\"wp-block-column is-layout-flow wp-block-column-is-layout-flow\" style=\"flex-basis:50%\">\n<p><strong>Sede principale<\/strong><\/p>\n\n\n\n<p>Via XXV Aprile 38, localit\u00e0 Castellina Scalo<\/p>\n\n\n\n<p>53035 Monteriggioni <\/p>\n\n\n\n<p>0577 304163<\/p>\n\n\n\n<p><a href=\"mailto:biblio@comune.monteriggioni.si.it\">email<\/a><\/p>\n\n\n\n<p><\/p>\n\n\n\n<p><strong>Centro Lettura \u201cGiada Macinai\u201d<\/strong><\/p>\n\n\n\n<p>Via Berrettini 82, localit\u00e0 Castellina Scalo<\/p>\n\n\n\n<p>53035 Monteriggioni <\/p>\n\n\n\n<p>0577 306698<\/p>\n\n\n\n<p><a href=\"mailto:biblio@comune.monteriggioni.si.it\">email<\/a><\/p>\n\n\n\n<p><\/p>\n\n\n\n<p><strong>Centro Lettura di Quercegrossa<\/strong><\/p>\n\n\n\n<p>Via Chianti Classico 3, localit\u00e0 Quercegrossa<\/p>\n\n\n\n<p>53035 Monteriggioni <\/p>\n\n\n\n<p>0577 327091<\/p>\n\n\n\n<p><a href=\"mailto:biblio.quercegrossa@libero.it\">email<\/a><\/p>\n\n\n\n<p><a href=\"https:\/\/www.facebook.com\/bibliotecacomunaledimonteriggioni\/\" target=\"_blank\" rel=\"noreferrer noopener\">facebook<\/a><\/p>\n\n\n\n<p><a href=\"https:\/\/www.instagram.com\/biblioteca_di_monteriggioni\/\" target=\"_blank\" rel=\"noreferrer noopener\">instagram<\/a> <\/p>\n\n\n\n<p><a href=\"https:\/\/urlsand.esvalabs.com\/?u=https%3A%2F%2Fwww.comune.monteriggioni.si.it%2Fit-it%2Fhome&amp;e=533ecfb9&amp;h=f4d1dfca&amp;f=y&amp;p=y\" target=\"_blank\" rel=\"noreferrer noopener\">sito web<\/a> (Comune di Monteriggioni)<\/p>\n<\/div>\n\n\n\n<div class=\"wp-block-column is-layout-flow wp-block-column-is-layout-flow\">\t\t<div class=\"qzr-dynamic-blocks\" data-template=\"\" data-type=\"timetables\">\r\n\t\t\t\n\n<p><strong>Biblioteca<\/strong><\/p>\n\n\n\n<p>luned\u00ec, mercoled\u00ec e venerd\u00ec 16:00-19:00<\/p>\n\n\n\n<p><strong>Centro Lettura \u201cGiada Macinai\u201d<\/strong><\/p>\n\n\n\n<p>marted\u00ec e gioved\u00ec 16:00-19:00<\/p>\n\n\n\n<p>sabato 10.00-13.00<\/p>\n\n\n\n<p><strong>Centro Lettura di Quercegrossa<\/strong><\/p>\n\n\n\n<p>luned\u00ec 16:00-18:00<\/p>\n\n\t\t<\/div>\r\n\t<\/div>\n<\/div>\n<\/div>\n<\/div>\n\n\n<html><body><div class=\"wp-block-columns is-layout-flex wp-container-core-columns-is-layout-3 wp-block-columns-is-layout-flex\" data-border-bottom=\"1\">\n<div class=\"wp-block-column is-layout-flow wp-block-column-is-layout-flow\" style=\"flex-basis:40%\">\n<p class=\"is-style-label\">Servizi<\/p>\n<\/div>\n\n\n\n<div class=\"wp-block-column is-layout-flow wp-block-column-is-layout-flow\">\n<ul class=\"wp-block-list\">\n<li>prestito<\/li>\n\n\n\n<li>prestito interbibliotecario<\/li>\n\n\n\n<li>fotocopie e stampe<\/li>\n\n\n\n<li>reference<\/li>\n\n\n\n<li>pc e collegamento a Internet<\/li>\n\n\n\n<li>accesso per disabili<\/li>\n\n\n\n<li>aiuto nello svolgimento di compiti scolastici e ricerche<\/li>\n\n\n\n<li>assistenza nella compilazione di domande e documenti on line (CV, iscrizioni a servizi pubblici, ecc.)<\/li>\n\n\n\n<li>visite guidate a mostre e luoghi di interesse culturale<\/li>\n\n\n\n<li>mostre di artisti locali<\/li>\n\n\n\n<li>mostre di libri e DVD su temi particolari<\/li>\n\n\n\n<li>progetti educativi in collaborazione con le scuole<\/li>\n\n\n\n<li>progetti di inclusione sociale e integrazione<\/li>\n\n\n\n<li>corsi vari<\/li>\n\n\n\n<li>spettacoli<\/li>\n\n\n\n<li>laboratori creativi<\/li>\n<\/ul>\n<\/div>\n<\/div>\n<\/body><\/html>\n\n<html><body><div class=\"wp-block-columns is-layout-flex wp-container-core-columns-is-layout-4 wp-block-columns-is-layout-flex\" data-border-bottom=\"1\">\n<div class=\"wp-block-column is-layout-flow wp-block-column-is-layout-flow\" style=\"flex-basis:40%\">\n<p class=\"is-style-label\">La Biblioteca<\/p>\n<\/div>\n\n\n\n<div class=\"wp-block-column is-layout-flow wp-block-column-is-layout-flow\">\n<p>La Biblioteca comunale di Monteriggioni \u00e8 dislocata su 3 sedi: la sede storica, in Via XXV Aprile 38 a Castellina Scalo, il Centro Lettura \u201cG. Macinai\u201d, sempre a Castellina Scalo, e il Centro Lettura di Quercegrossa. I servizi comprendono tutti quelli tipici di una biblioteca comunale (prestito di libri e DVD, reference, utilizzo pc e accesso ad Internet, fotocopie e stampe, ecc.), mentre il patrimonio documentario include un\u2019ampia sezione di narrativa italiana e straniera, ricche sezioni dedicate ai ragazzi e importanti documenti di storia locale, oltre a numerosi DVD.<\/p>\n\n\n\n<p>La biblioteca \u00e8 particolarmente attenta ai bambini e offre aiuto nello svolgimento di compiti scolastici e ricerche, oltre a laboratori creativi; collabora con le scuole del territorio, organizzando progetti educativi di invito alla lettura e all\u2019arte; organizza mostre di artisti locali e visite guidate a musei e luoghi di interesse culturale e offre vari corsi rivolti a tutte le et\u00e0. Infine collabora con gli uffici del Comune di Monteriggioni per fornire ai cittadini assistenza nella compilazione di domande e documenti on line, contribuendo cos\u00ec alla riduzione delle disuguaglianze digitali e sociali.<\/p>\n<\/div>\n<\/div>\n<\/body><\/html>\n\n<html><body><div class=\"wp-block-columns is-layout-flex wp-container-core-columns-is-layout-5 wp-block-columns-is-layout-flex\" data-border-bottom=\"1\">\n<div class=\"wp-block-column is-layout-flow wp-block-column-is-layout-flow\" style=\"flex-basis:40%\">\n<p class=\"is-style-label\">Patrimonio Documentario<\/p>\n<\/div>\n\n\n\n<div class=\"wp-block-column is-layout-flow wp-block-column-is-layout-flow\">\n<p>Il patrimonio documentario include un\u2019ampia sezione di narrativa italiana e straniera, storia locale, arte, ricche sezioni dedicate a bambini e ragazzi e numerosi DVD.<\/p>\n<\/div>\n<\/div>\n<\/body><\/html>\n\n","protected":false},"featured_media":260,"template":"","class_list":["post-227","library","type-library","status-publish","has-post-thumbnail","hentry"],"yoast_head":"<!-- This site is optimized with the Yoast SEO plugin v24.8.1 - https:\/\/yoast.com\/wordpress\/plugins\/seo\/ -->\n<title>Biblioteca comunale di Monteriggioni - ReDoS<\/title>\n<meta name=\"description\" content=\"La Biblioteca comunale di Monteriggioni fa parte di ReDoS, la Rete documentaria e bibliotecaria senese delle biblioteche, degli archivi e dei centri di documentazione dei Comuni della provincia di Siena\" \/>\n<meta name=\"robots\" content=\"noindex, follow, max-snippet:-1, max-image-preview:large, max-video-preview:-1\" \/>\n<meta property=\"og:locale\" content=\"it_IT\" \/>\n<meta property=\"og:type\" content=\"article\" \/>\n<meta property=\"og:title\" content=\"Biblioteca comunale di Monteriggioni - ReDoS\" \/>\n<meta property=\"og:description\" content=\"La Biblioteca comunale di Monteriggioni fa parte di ReDoS, la Rete documentaria e bibliotecaria senese delle biblioteche, degli archivi e dei centri di documentazione dei Comuni della provincia di Siena\" \/>\n<meta property=\"og:url\" content=\"https:\/\/qzrstudio.com\/redos\/biblioteca\/biblioteca-comunale-di-monteriggioni\/\" \/>\n<meta property=\"og:site_name\" content=\"ReDoS\" \/>\n<meta property=\"article:modified_time\" content=\"2025-03-20T15:10:58+00:00\" \/>\n<meta property=\"og:image\" content=\"https:\/\/qzrstudio.com\/redos\/wp-content\/uploads\/2021\/06\/MonteriggioniDSC_2102-1.jpg\" \/>\n\t<meta property=\"og:image:width\" content=\"1920\" \/>\n\t<meta property=\"og:image:height\" content=\"520\" \/>\n\t<meta property=\"og:image:type\" content=\"image\/jpeg\" \/>\n<meta name=\"twitter:card\" content=\"summary_large_image\" \/>\n<meta name=\"twitter:label1\" content=\"Tempo di lettura stimato\" \/>\n\t<meta name=\"twitter:data1\" content=\"2 minuti\" \/>\n<script type=\"application\/ld+json\" class=\"yoast-schema-graph\">{\"@context\":\"https:\/\/schema.org\",\"@graph\":[{\"@type\":\"WebPage\",\"@id\":\"https:\/\/qzrstudio.com\/redos\/biblioteca\/biblioteca-comunale-di-monteriggioni\/\",\"url\":\"https:\/\/qzrstudio.com\/redos\/biblioteca\/biblioteca-comunale-di-monteriggioni\/\",\"name\":\"Biblioteca comunale di Monteriggioni - ReDoS\",\"isPartOf\":{\"@id\":\"https:\/\/qzrstudio.com\/redos\/#website\"},\"primaryImageOfPage\":{\"@id\":\"https:\/\/qzrstudio.com\/redos\/biblioteca\/biblioteca-comunale-di-monteriggioni\/#primaryimage\"},\"image\":{\"@id\":\"https:\/\/qzrstudio.com\/redos\/biblioteca\/biblioteca-comunale-di-monteriggioni\/#primaryimage\"},\"thumbnailUrl\":\"https:\/\/qzrstudio.com\/redos\/wp-content\/uploads\/2021\/06\/MonteriggioniDSC_2102-1.jpg\",\"datePublished\":\"2021-06-08T15:05:31+00:00\",\"dateModified\":\"2025-03-20T15:10:58+00:00\",\"description\":\"La Biblioteca comunale di Monteriggioni fa parte di ReDoS, la Rete documentaria e bibliotecaria senese delle biblioteche, degli archivi e dei centri di documentazione dei Comuni della provincia di Siena\",\"breadcrumb\":{\"@id\":\"https:\/\/qzrstudio.com\/redos\/biblioteca\/biblioteca-comunale-di-monteriggioni\/#breadcrumb\"},\"inLanguage\":\"it-IT\",\"potentialAction\":[{\"@type\":\"ReadAction\",\"target\":[\"https:\/\/qzrstudio.com\/redos\/biblioteca\/biblioteca-comunale-di-monteriggioni\/\"]}]},{\"@type\":\"ImageObject\",\"inLanguage\":\"it-IT\",\"@id\":\"https:\/\/qzrstudio.com\/redos\/biblioteca\/biblioteca-comunale-di-monteriggioni\/#primaryimage\",\"url\":\"https:\/\/qzrstudio.com\/redos\/wp-content\/uploads\/2021\/06\/MonteriggioniDSC_2102-1.jpg\",\"contentUrl\":\"https:\/\/qzrstudio.com\/redos\/wp-content\/uploads\/2021\/06\/MonteriggioniDSC_2102-1.jpg\",\"width\":1920,\"height\":520},{\"@type\":\"BreadcrumbList\",\"@id\":\"https:\/\/qzrstudio.com\/redos\/biblioteca\/biblioteca-comunale-di-monteriggioni\/#breadcrumb\",\"itemListElement\":[{\"@type\":\"ListItem\",\"position\":1,\"name\":\"Home\",\"item\":\"https:\/\/qzrstudio.com\/redos\/\"},{\"@type\":\"ListItem\",\"position\":2,\"name\":\"Biblioteche\",\"item\":\"https:\/\/qzrstudio.com\/redos\/biblioteca\/\"},{\"@type\":\"ListItem\",\"position\":3,\"name\":\"Biblioteca comunale di Monteriggioni\"}]},{\"@type\":\"WebSite\",\"@id\":\"https:\/\/qzrstudio.com\/redos\/#website\",\"url\":\"https:\/\/qzrstudio.com\/redos\/\",\"name\":\"ReDoS\",\"description\":\"Rete Documentaria Senese\",\"potentialAction\":[{\"@type\":\"SearchAction\",\"target\":{\"@type\":\"EntryPoint\",\"urlTemplate\":\"https:\/\/qzrstudio.com\/redos\/?s={search_term_string}\"},\"query-input\":{\"@type\":\"PropertyValueSpecification\",\"valueRequired\":true,\"valueName\":\"search_term_string\"}}],\"inLanguage\":\"it-IT\"}]}<\/script>\n<!-- \/ Yoast SEO plugin. -->","yoast_head_json":{"title":"Biblioteca comunale di Monteriggioni - ReDoS","description":"La Biblioteca comunale di Monteriggioni fa parte di ReDoS, la Rete documentaria e bibliotecaria senese delle biblioteche, degli archivi e dei centri di documentazione dei Comuni della provincia di Siena","robots":{"index":"noindex","follow":"follow","max-snippet":"max-snippet:-1","max-image-preview":"max-image-preview:large","max-video-preview":"max-video-preview:-1"},"og_locale":"it_IT","og_type":"article","og_title":"Biblioteca comunale di Monteriggioni - ReDoS","og_description":"La Biblioteca comunale di Monteriggioni fa parte di ReDoS, la Rete documentaria e bibliotecaria senese delle biblioteche, degli archivi e dei centri di documentazione dei Comuni della provincia di Siena","og_url":"https:\/\/qzrstudio.com\/redos\/biblioteca\/biblioteca-comunale-di-monteriggioni\/","og_site_name":"ReDoS","article_modified_time":"2025-03-20T15:10:58+00:00","og_image":[{"width":1920,"height":520,"url":"https:\/\/qzrstudio.com\/redos\/wp-content\/uploads\/2021\/06\/MonteriggioniDSC_2102-1.jpg","type":"image\/jpeg"}],"twitter_card":"summary_large_image","twitter_misc":{"Tempo di lettura stimato":"2 minuti"},"schema":{"@context":"https:\/\/schema.org","@graph":[{"@type":"WebPage","@id":"https:\/\/qzrstudio.com\/redos\/biblioteca\/biblioteca-comunale-di-monteriggioni\/","url":"https:\/\/qzrstudio.com\/redos\/biblioteca\/biblioteca-comunale-di-monteriggioni\/","name":"Biblioteca comunale di Monteriggioni - ReDoS","isPartOf":{"@id":"https:\/\/qzrstudio.com\/redos\/#website"},"primaryImageOfPage":{"@id":"https:\/\/qzrstudio.com\/redos\/biblioteca\/biblioteca-comunale-di-monteriggioni\/#primaryimage"},"image":{"@id":"https:\/\/qzrstudio.com\/redos\/biblioteca\/biblioteca-comunale-di-monteriggioni\/#primaryimage"},"thumbnailUrl":"https:\/\/qzrstudio.com\/redos\/wp-content\/uploads\/2021\/06\/MonteriggioniDSC_2102-1.jpg","datePublished":"2021-06-08T15:05:31+00:00","dateModified":"2025-03-20T15:10:58+00:00","description":"La Biblioteca comunale di Monteriggioni fa parte di ReDoS, la Rete documentaria e bibliotecaria senese delle biblioteche, degli archivi e dei centri di documentazione dei Comuni della provincia di Siena","breadcrumb":{"@id":"https:\/\/qzrstudio.com\/redos\/biblioteca\/biblioteca-comunale-di-monteriggioni\/#breadcrumb"},"inLanguage":"it-IT","potentialAction":[{"@type":"ReadAction","target":["https:\/\/qzrstudio.com\/redos\/biblioteca\/biblioteca-comunale-di-monteriggioni\/"]}]},{"@type":"ImageObject","inLanguage":"it-IT","@id":"https:\/\/qzrstudio.com\/redos\/biblioteca\/biblioteca-comunale-di-monteriggioni\/#primaryimage","url":"https:\/\/qzrstudio.com\/redos\/wp-content\/uploads\/2021\/06\/MonteriggioniDSC_2102-1.jpg","contentUrl":"https:\/\/qzrstudio.com\/redos\/wp-content\/uploads\/2021\/06\/MonteriggioniDSC_2102-1.jpg","width":1920,"height":520},{"@type":"BreadcrumbList","@id":"https:\/\/qzrstudio.com\/redos\/biblioteca\/biblioteca-comunale-di-monteriggioni\/#breadcrumb","itemListElement":[{"@type":"ListItem","position":1,"name":"Home","item":"https:\/\/qzrstudio.com\/redos\/"},{"@type":"ListItem","position":2,"name":"Biblioteche","item":"https:\/\/qzrstudio.com\/redos\/biblioteca\/"},{"@type":"ListItem","position":3,"name":"Biblioteca comunale di Monteriggioni"}]},{"@type":"WebSite","@id":"https:\/\/qzrstudio.com\/redos\/#website","url":"https:\/\/qzrstudio.com\/redos\/","name":"ReDoS","description":"Rete Documentaria Senese","potentialAction":[{"@type":"SearchAction","target":{"@type":"EntryPoint","urlTemplate":"https:\/\/qzrstudio.com\/redos\/?s={search_term_string}"},"query-input":{"@type":"PropertyValueSpecification","valueRequired":true,"valueName":"search_term_string"}}],"inLanguage":"it-IT"}]}},"_links":{"self":[{"href":"https:\/\/qzrstudio.com\/redos\/wp-json\/wp\/v2\/library\/227","targetHints":{"allow":["GET"]}}],"collection":[{"href":"https:\/\/qzrstudio.com\/redos\/wp-json\/wp\/v2\/library"}],"about":[{"href":"https:\/\/qzrstudio.com\/redos\/wp-json\/wp\/v2\/types\/library"}],"wp:featuredmedia":[{"embeddable":true,"href":"https:\/\/qzrstudio.com\/redos\/wp-json\/wp\/v2\/media\/260"}],"wp:attachment":[{"href":"https:\/\/qzrstudio.com\/redos\/wp-json\/wp\/v2\/media?parent=227"}],"curies":[{"name":"wp","href":"https:\/\/api.w.org\/{rel}","templated":true}]}}