{"id":301,"date":"2021-09-09T11:02:39","date_gmt":"2021-09-09T09:02:39","guid":{"rendered":"http:\/\/qzrstudio.com\/redos\/?post_type=library&#038;p=301"},"modified":"2025-04-03T17:19:33","modified_gmt":"2025-04-03T15:19:33","slug":"biblioteca-comunale-di-abbadia-san-salvatore","status":"publish","type":"library","link":"https:\/\/qzrstudio.com\/redos\/biblioteca\/biblioteca-comunale-di-abbadia-san-salvatore\/","title":{"rendered":"Biblioteca comunale di Abbadia San Salvatore"},"content":{"rendered":"\n<div class=\"wp-block-columns is-layout-flex wp-container-core-columns-is-layout-2 wp-block-columns-is-layout-flex\">\n<div class=\"wp-block-column is-layout-flow wp-block-column-is-layout-flow\" style=\"flex-basis:40%\"><\/div>\n\n\n\n<div class=\"wp-block-column is-layout-flow wp-block-column-is-layout-flow\">\n<div class=\"wp-block-columns is-layout-flex wp-container-core-columns-is-layout-1 wp-block-columns-is-layout-flex\">\n<div class=\"wp-block-column is-layout-flow wp-block-column-is-layout-flow\" style=\"flex-basis:50%\">\n<p>Via Mentana, 16<\/p>\n\n\n\n<p>53021 Abbadia San Salvatore<\/p>\n\n\n\n<p>0577 770319 (anche WhatsApp)<\/p>\n\n\n\n<p><a href=\"mailto:biblioteca@comune.abbadia.siena.it\">email principale<\/a><\/p>\n\n\n\n<p><a href=\"mailto:biblioteca_prestiti@comune.abbadia.siena.it\">email prestito<\/a><\/p>\n\n\n\n<p><a href=\"https:\/\/www.facebook.com\/bibliotecaabbadiassalvatore\/\" target=\"_blank\" rel=\"noreferrer noopener\">facebook<\/a><\/p>\n\n\n\n<p><a href=\"https:\/\/www.instagram.com\/biblioteca_prestitiabbadiass\/\" target=\"_blank\" rel=\"noreferrer noopener\">instagram<\/a> <\/p>\n\n\n\n<p><a href=\"https:\/\/www.comune.abbadia.siena.it\/index.php\/uffici-e-servizi\/biblioteca\" target=\"_blank\" rel=\"noreferrer noopener\">sito web<\/a><\/p>\n\n\n\n<p>(Comune di Abbadia San Salvatore)<\/p>\n<\/div>\n\n\n\n<div class=\"wp-block-column is-layout-flow wp-block-column-is-layout-flow\">\t\t<div class=\"qzr-dynamic-blocks\" data-template=\"\" data-type=\"timetables\">\r\n\t\t\t\n\n<p>luned\u00ec  e venerd\u00ec 10:00-13:00<\/p>\n\n\n\n<p>marted\u00ec, mercoled\u00ec e gioved\u00ec<\/p>\n\n\n\n<p>10:00-13:00 \/ 15:00-18:00<\/p>\n\n\t\t<\/div>\r\n\t<\/div>\n<\/div>\n<\/div>\n<\/div>\n\n\n<html><body><div class=\"wp-block-columns is-layout-flex wp-container-core-columns-is-layout-3 wp-block-columns-is-layout-flex\" data-border-bottom=\"1\">\n<div class=\"wp-block-column is-layout-flow wp-block-column-is-layout-flow\" style=\"flex-basis:40%\">\n<p class=\"is-style-label\">Servizi<\/p>\n<\/div>\n\n\n\n<div class=\"wp-block-column is-layout-flow wp-block-column-is-layout-flow\">\n<ul class=\"wp-block-list\">\n<li>prestito libri<\/li>\n\n\n\n<li>prestito dvd<\/li>\n\n\n\n<li>prestito interbibliotecario<\/li>\n\n\n\n<li>reference<\/li>\n\n\n\n<li>visite guidate<\/li>\n\n\n\n<li>fotocopie<\/li>\n\n\n\n<li>accesso per disabili<\/li>\n\n\n\n<li>documenti in lingua straniera<\/li>\n\n\n\n<li>gruppi di lettura<\/li>\n<\/ul>\n<\/div>\n<\/div>\n<\/body><\/html>\n\n<html><body><div class=\"wp-block-columns is-layout-flex wp-container-core-columns-is-layout-4 wp-block-columns-is-layout-flex\" data-border-bottom=\"1\">\n<div class=\"wp-block-column is-layout-flow wp-block-column-is-layout-flow\" style=\"flex-basis:40%\">\n<p class=\"is-style-label\">La Biblioteca<\/p>\n<\/div>\n\n\n\n<div class=\"wp-block-column is-layout-flow wp-block-column-is-layout-flow\">\n<p>La Biblioteca comunale di Abbadia San Salvatore\u00a0\u00e8 ospitata all&#8217;interno del Palazzo comunale. Il patrimonio \u00a0comprende anche una ricca sezione di storia locale con saggi su\u00a0tradizioni, usi e costumi, architettura, ambiente, non solo di Abbadia San Salvatore ma anche dell&#8217;intero territorio amiatino.<\/p>\n<\/div>\n<\/div>\n<\/body><\/html>\n\n<html><body><div class=\"wp-block-columns is-layout-flex wp-container-core-columns-is-layout-5 wp-block-columns-is-layout-flex\" data-border-bottom=\"1\">\n<div class=\"wp-block-column is-layout-flow wp-block-column-is-layout-flow\" style=\"flex-basis:40%\">\n<p class=\"is-style-label\">Patrimonio Documentario<\/p>\n<\/div>\n\n\n\n<div class=\"wp-block-column is-layout-flow wp-block-column-is-layout-flow\">\n<p>Il patrimonio comprende volumi di narrativa, saggistica, divulgazione, libri per ragazzi, enciclopedie, attualit\u00e0, arte, musica. Sono a disposizione dell&#8217;utenza due sezioni speciali, una locale e l&#8217;altra dedicata ai ragazzi. La sezione locale, in particolare, raccoglie testi riguardanti storia, tradizioni, usi e costumi, architettura, ambiente, non solo di Abbadia San Salvatore ma anche dell&#8217;intero comprensorio del Monte Amiata. Si possono consultare varii periodici, riviste di scienze, botanica, turismo, ambiente, cultura, storia, musica, fumetti di vario genere.<br><\/br><\/p>\n<\/div>\n<\/div>\n<\/body><\/html>\n\n","protected":false},"featured_media":305,"template":"","class_list":["post-301","library","type-library","status-publish","has-post-thumbnail","hentry"],"yoast_head":"<!-- This site is optimized with the Yoast SEO plugin v24.8.1 - https:\/\/yoast.com\/wordpress\/plugins\/seo\/ -->\n<title>Biblioteca comunale di Abbadia San Salvatore - ReDoS<\/title>\n<meta name=\"description\" content=\"La Biblioteca comunale di Abbadia San Salvatore fa parte di ReDoS, la Rete documentaria e bibliotecaria senese delle biblioteche, degli archivi e dei centri di documentazione dei Comuni della provincia di Siena\" \/>\n<meta name=\"robots\" content=\"noindex, follow, max-snippet:-1, max-image-preview:large, max-video-preview:-1\" \/>\n<meta property=\"og:locale\" content=\"it_IT\" \/>\n<meta property=\"og:type\" content=\"article\" \/>\n<meta property=\"og:title\" content=\"Biblioteca comunale di Abbadia San Salvatore - ReDoS\" \/>\n<meta property=\"og:description\" content=\"La Biblioteca comunale di Abbadia San Salvatore fa parte di ReDoS, la Rete documentaria e bibliotecaria senese delle biblioteche, degli archivi e dei centri di documentazione dei Comuni della provincia di Siena\" \/>\n<meta property=\"og:url\" content=\"https:\/\/qzrstudio.com\/redos\/biblioteca\/biblioteca-comunale-di-abbadia-san-salvatore\/\" \/>\n<meta property=\"og:site_name\" content=\"ReDoS\" \/>\n<meta property=\"article:modified_time\" content=\"2025-04-03T15:19:33+00:00\" \/>\n<meta property=\"og:image\" content=\"https:\/\/qzrstudio.com\/redos\/wp-content\/uploads\/2021\/09\/Abbadia-San-Salvatore_P5250060.jpg\" \/>\n\t<meta property=\"og:image:width\" content=\"1920\" \/>\n\t<meta property=\"og:image:height\" content=\"520\" \/>\n\t<meta property=\"og:image:type\" content=\"image\/jpeg\" \/>\n<meta name=\"twitter:card\" content=\"summary_large_image\" \/>\n<meta name=\"twitter:label1\" content=\"Tempo di lettura stimato\" \/>\n\t<meta name=\"twitter:data1\" content=\"2 minuti\" \/>\n<script type=\"application\/ld+json\" class=\"yoast-schema-graph\">{\"@context\":\"https:\/\/schema.org\",\"@graph\":[{\"@type\":\"WebPage\",\"@id\":\"https:\/\/qzrstudio.com\/redos\/biblioteca\/biblioteca-comunale-di-abbadia-san-salvatore\/\",\"url\":\"https:\/\/qzrstudio.com\/redos\/biblioteca\/biblioteca-comunale-di-abbadia-san-salvatore\/\",\"name\":\"Biblioteca comunale di Abbadia San Salvatore - ReDoS\",\"isPartOf\":{\"@id\":\"https:\/\/qzrstudio.com\/redos\/#website\"},\"primaryImageOfPage\":{\"@id\":\"https:\/\/qzrstudio.com\/redos\/biblioteca\/biblioteca-comunale-di-abbadia-san-salvatore\/#primaryimage\"},\"image\":{\"@id\":\"https:\/\/qzrstudio.com\/redos\/biblioteca\/biblioteca-comunale-di-abbadia-san-salvatore\/#primaryimage\"},\"thumbnailUrl\":\"https:\/\/qzrstudio.com\/redos\/wp-content\/uploads\/2021\/09\/Abbadia-San-Salvatore_P5250060.jpg\",\"datePublished\":\"2021-09-09T09:02:39+00:00\",\"dateModified\":\"2025-04-03T15:19:33+00:00\",\"description\":\"La Biblioteca comunale di Abbadia San Salvatore fa parte di ReDoS, la Rete documentaria e bibliotecaria senese delle biblioteche, degli archivi e dei centri di documentazione dei Comuni della provincia di Siena\",\"breadcrumb\":{\"@id\":\"https:\/\/qzrstudio.com\/redos\/biblioteca\/biblioteca-comunale-di-abbadia-san-salvatore\/#breadcrumb\"},\"inLanguage\":\"it-IT\",\"potentialAction\":[{\"@type\":\"ReadAction\",\"target\":[\"https:\/\/qzrstudio.com\/redos\/biblioteca\/biblioteca-comunale-di-abbadia-san-salvatore\/\"]}]},{\"@type\":\"ImageObject\",\"inLanguage\":\"it-IT\",\"@id\":\"https:\/\/qzrstudio.com\/redos\/biblioteca\/biblioteca-comunale-di-abbadia-san-salvatore\/#primaryimage\",\"url\":\"https:\/\/qzrstudio.com\/redos\/wp-content\/uploads\/2021\/09\/Abbadia-San-Salvatore_P5250060.jpg\",\"contentUrl\":\"https:\/\/qzrstudio.com\/redos\/wp-content\/uploads\/2021\/09\/Abbadia-San-Salvatore_P5250060.jpg\",\"width\":1920,\"height\":520,\"caption\":\"OLYMPUS DIGITAL CAMERA\"},{\"@type\":\"BreadcrumbList\",\"@id\":\"https:\/\/qzrstudio.com\/redos\/biblioteca\/biblioteca-comunale-di-abbadia-san-salvatore\/#breadcrumb\",\"itemListElement\":[{\"@type\":\"ListItem\",\"position\":1,\"name\":\"Home\",\"item\":\"https:\/\/qzrstudio.com\/redos\/\"},{\"@type\":\"ListItem\",\"position\":2,\"name\":\"Biblioteche\",\"item\":\"https:\/\/qzrstudio.com\/redos\/biblioteca\/\"},{\"@type\":\"ListItem\",\"position\":3,\"name\":\"Biblioteca comunale di Abbadia San Salvatore\"}]},{\"@type\":\"WebSite\",\"@id\":\"https:\/\/qzrstudio.com\/redos\/#website\",\"url\":\"https:\/\/qzrstudio.com\/redos\/\",\"name\":\"ReDoS\",\"description\":\"Rete Documentaria Senese\",\"potentialAction\":[{\"@type\":\"SearchAction\",\"target\":{\"@type\":\"EntryPoint\",\"urlTemplate\":\"https:\/\/qzrstudio.com\/redos\/?s={search_term_string}\"},\"query-input\":{\"@type\":\"PropertyValueSpecification\",\"valueRequired\":true,\"valueName\":\"search_term_string\"}}],\"inLanguage\":\"it-IT\"}]}<\/script>\n<!-- \/ Yoast SEO plugin. -->","yoast_head_json":{"title":"Biblioteca comunale di Abbadia San Salvatore - ReDoS","description":"La Biblioteca comunale di Abbadia San Salvatore fa parte di ReDoS, la Rete documentaria e bibliotecaria senese delle biblioteche, degli archivi e dei centri di documentazione dei Comuni della provincia di Siena","robots":{"index":"noindex","follow":"follow","max-snippet":"max-snippet:-1","max-image-preview":"max-image-preview:large","max-video-preview":"max-video-preview:-1"},"og_locale":"it_IT","og_type":"article","og_title":"Biblioteca comunale di Abbadia San Salvatore - ReDoS","og_description":"La Biblioteca comunale di Abbadia San Salvatore fa parte di ReDoS, la Rete documentaria e bibliotecaria senese delle biblioteche, degli archivi e dei centri di documentazione dei Comuni della provincia di Siena","og_url":"https:\/\/qzrstudio.com\/redos\/biblioteca\/biblioteca-comunale-di-abbadia-san-salvatore\/","og_site_name":"ReDoS","article_modified_time":"2025-04-03T15:19:33+00:00","og_image":[{"width":1920,"height":520,"url":"https:\/\/qzrstudio.com\/redos\/wp-content\/uploads\/2021\/09\/Abbadia-San-Salvatore_P5250060.jpg","type":"image\/jpeg"}],"twitter_card":"summary_large_image","twitter_misc":{"Tempo di lettura stimato":"2 minuti"},"schema":{"@context":"https:\/\/schema.org","@graph":[{"@type":"WebPage","@id":"https:\/\/qzrstudio.com\/redos\/biblioteca\/biblioteca-comunale-di-abbadia-san-salvatore\/","url":"https:\/\/qzrstudio.com\/redos\/biblioteca\/biblioteca-comunale-di-abbadia-san-salvatore\/","name":"Biblioteca comunale di Abbadia San Salvatore - ReDoS","isPartOf":{"@id":"https:\/\/qzrstudio.com\/redos\/#website"},"primaryImageOfPage":{"@id":"https:\/\/qzrstudio.com\/redos\/biblioteca\/biblioteca-comunale-di-abbadia-san-salvatore\/#primaryimage"},"image":{"@id":"https:\/\/qzrstudio.com\/redos\/biblioteca\/biblioteca-comunale-di-abbadia-san-salvatore\/#primaryimage"},"thumbnailUrl":"https:\/\/qzrstudio.com\/redos\/wp-content\/uploads\/2021\/09\/Abbadia-San-Salvatore_P5250060.jpg","datePublished":"2021-09-09T09:02:39+00:00","dateModified":"2025-04-03T15:19:33+00:00","description":"La Biblioteca comunale di Abbadia San Salvatore fa parte di ReDoS, la Rete documentaria e bibliotecaria senese delle biblioteche, degli archivi e dei centri di documentazione dei Comuni della provincia di Siena","breadcrumb":{"@id":"https:\/\/qzrstudio.com\/redos\/biblioteca\/biblioteca-comunale-di-abbadia-san-salvatore\/#breadcrumb"},"inLanguage":"it-IT","potentialAction":[{"@type":"ReadAction","target":["https:\/\/qzrstudio.com\/redos\/biblioteca\/biblioteca-comunale-di-abbadia-san-salvatore\/"]}]},{"@type":"ImageObject","inLanguage":"it-IT","@id":"https:\/\/qzrstudio.com\/redos\/biblioteca\/biblioteca-comunale-di-abbadia-san-salvatore\/#primaryimage","url":"https:\/\/qzrstudio.com\/redos\/wp-content\/uploads\/2021\/09\/Abbadia-San-Salvatore_P5250060.jpg","contentUrl":"https:\/\/qzrstudio.com\/redos\/wp-content\/uploads\/2021\/09\/Abbadia-San-Salvatore_P5250060.jpg","width":1920,"height":520,"caption":"OLYMPUS DIGITAL CAMERA"},{"@type":"BreadcrumbList","@id":"https:\/\/qzrstudio.com\/redos\/biblioteca\/biblioteca-comunale-di-abbadia-san-salvatore\/#breadcrumb","itemListElement":[{"@type":"ListItem","position":1,"name":"Home","item":"https:\/\/qzrstudio.com\/redos\/"},{"@type":"ListItem","position":2,"name":"Biblioteche","item":"https:\/\/qzrstudio.com\/redos\/biblioteca\/"},{"@type":"ListItem","position":3,"name":"Biblioteca comunale di Abbadia San Salvatore"}]},{"@type":"WebSite","@id":"https:\/\/qzrstudio.com\/redos\/#website","url":"https:\/\/qzrstudio.com\/redos\/","name":"ReDoS","description":"Rete Documentaria Senese","potentialAction":[{"@type":"SearchAction","target":{"@type":"EntryPoint","urlTemplate":"https:\/\/qzrstudio.com\/redos\/?s={search_term_string}"},"query-input":{"@type":"PropertyValueSpecification","valueRequired":true,"valueName":"search_term_string"}}],"inLanguage":"it-IT"}]}},"_links":{"self":[{"href":"https:\/\/qzrstudio.com\/redos\/wp-json\/wp\/v2\/library\/301","targetHints":{"allow":["GET"]}}],"collection":[{"href":"https:\/\/qzrstudio.com\/redos\/wp-json\/wp\/v2\/library"}],"about":[{"href":"https:\/\/qzrstudio.com\/redos\/wp-json\/wp\/v2\/types\/library"}],"wp:featuredmedia":[{"embeddable":true,"href":"https:\/\/qzrstudio.com\/redos\/wp-json\/wp\/v2\/media\/305"}],"wp:attachment":[{"href":"https:\/\/qzrstudio.com\/redos\/wp-json\/wp\/v2\/media?parent=301"}],"curies":[{"name":"wp","href":"https:\/\/api.w.org\/{rel}","templated":true}]}}