{"id":410,"date":"2021-09-22T15:55:22","date_gmt":"2021-09-22T13:55:22","guid":{"rendered":"http:\/\/qzrstudio.com\/redos\/?post_type=library&#038;p=410"},"modified":"2025-04-04T18:07:17","modified_gmt":"2025-04-04T16:07:17","slug":"centro-culturale-delle-donne-mara-meoni-e-biblioteca-i-libri-delle-donne","status":"publish","type":"library","link":"https:\/\/qzrstudio.com\/redos\/biblioteca\/centro-culturale-delle-donne-mara-meoni-e-biblioteca-i-libri-delle-donne\/","title":{"rendered":"Biblioteca del Centro culturale delle Donne Mara Meoni ODV"},"content":{"rendered":"\n<p><\/p>\n\n\n\n<p><\/p>\n\n\n\n<div class=\"wp-block-columns is-layout-flex wp-container-core-columns-is-layout-2 wp-block-columns-is-layout-flex\">\n<div class=\"wp-block-column is-layout-flow wp-block-column-is-layout-flow\" style=\"flex-basis:40%\"><\/div>\n\n\n\n<div class=\"wp-block-column is-layout-flow wp-block-column-is-layout-flow\">\n<div class=\"wp-block-columns is-layout-flex wp-container-core-columns-is-layout-1 wp-block-columns-is-layout-flex\">\n<div class=\"wp-block-column is-layout-flow wp-block-column-is-layout-flow\" style=\"flex-basis:50%\">\n<p>Via dei Pispini, 152<\/p>\n\n\n\n<p>53100 Siena<\/p>\n\n\n\n<p>333 2982600<\/p>\n\n\n\n<p><a href=\"mailto:centromarameonisiena81@gmail.com\">mail<\/a><\/p>\n\n\n\n<p><a href=\"https:\/\/www.facebook.com\/Centro-Culturale-delle-donne-Mara-Meoni-2220233011328551\" target=\"_blank\" rel=\"noreferrer noopener\">facebook<\/a><\/p>\n<\/div>\n\n\n\n<div class=\"wp-block-column is-layout-flow wp-block-column-is-layout-flow\">\t\t<div class=\"qzr-dynamic-blocks\" data-template=\"\" data-type=\"timetables\">\r\n\t\t\t\n\n<p>marted\u00ec, mercoled\u00ec, gioved\u00ec 15:00-19:00<\/p>\n\n\n\n<p><\/p>\n\n\t\t<\/div>\r\n\t<\/div>\n<\/div>\n<\/div>\n<\/div>\n\n\n<html><body><div class=\"wp-block-columns is-layout-flex wp-container-core-columns-is-layout-3 wp-block-columns-is-layout-flex\" data-border-bottom=\"1\">\n<div class=\"wp-block-column is-layout-flow wp-block-column-is-layout-flow\" style=\"flex-basis:40%\">\n<p class=\"is-style-label\">Servizi<\/p>\n<\/div>\n\n\n\n<div class=\"wp-block-column is-layout-flow wp-block-column-is-layout-flow\">\n<ul class=\"wp-block-list\">\n<li>prestito<\/li>\n\n\n\n<li>prestito interbibliotecario<\/li>\n\n\n\n<li>consulenza bibliografica<\/li>\n\n\n\n<li>accesso per disabili<\/li>\n<\/ul>\n<\/div>\n<\/div>\n<\/body><\/html>\n\n<html><body><div class=\"wp-block-columns is-layout-flex wp-container-core-columns-is-layout-4 wp-block-columns-is-layout-flex\" data-border-bottom=\"1\">\n<div class=\"wp-block-column is-layout-flow wp-block-column-is-layout-flow\" style=\"flex-basis:40%\">\n<p class=\"is-style-label\">La Biblioteca<\/p>\n<\/div>\n\n\n\n<div class=\"wp-block-column is-layout-flow wp-block-column-is-layout-flow\">\n<p>La biblioteca \u00e8 il cuore del Centro culturale delle donne Mara Meoni. Il Centro, organizzazione di volontariato, \u00a0\u00e8 nato nel 1981 per &#8220;contribuire all&#8217;arricchimento culturale delle donne, alla presa di coscienza della loro condizione, nell\u2019ottica della piena emancipazione e liberazione della donna\u201d come recita lo Statuto.\u00a0 Questa associazione, unica per longevit\u00e0 tra le aggregazioni politico-culturali cittadine, ha offerto alle donne senesi un luogo di incontro, di confronto e di riflessione. Il processo di cambiamento che ha attraversato le donne in questi anni, ha visto il Centro impegnato ad adeguarsi a nuove esigenze e nuovi obiettivi. Il Centro ha sviluppato nel corso degli anni una corposa serie di dibattiti, presentazioni di libri, seminari con studiose di varie discipline ed esponenti di altre associazioni, con alcune delle quali si \u00e8 stabilito un rapporto particolarmente proficuo. La necessit\u00e0 di costruire una forte memoria storica e di dare concretezza all&#8217;assunto teorico della &#8216;differenza di genere&#8217;, ci ha fatto costruire nel tempo una biblioteca coerente con questa impostazione.<\/p>\n<\/div>\n<\/div>\n<\/body><\/html>\n\n<html><body><div class=\"wp-block-columns is-layout-flex wp-container-core-columns-is-layout-5 wp-block-columns-is-layout-flex\" data-border-bottom=\"1\">\n<div class=\"wp-block-column is-layout-flow wp-block-column-is-layout-flow\" style=\"flex-basis:40%\">\n<p class=\"is-style-label\">Patrimonio Documentario<\/p>\n<\/div>\n\n\n\n<div class=\"wp-block-column is-layout-flow wp-block-column-is-layout-flow\">\n<p>Volumi di saggistica sulla storia delle donne, il pensiero femminista e le tematiche di genere,\u00a0 narrativa e poesia di autrici.<\/p>\n\n\n\n<p>Dal 2011 il Centro culturale Mara Meoni ospita anche la Biblioteca &#8220;I libri delle donne&#8221; dell&#8217;Amministrazione provinciale di Siena, consultabile in sede.<\/p>\n\n\n\n<p><strong>Archivio<\/strong><\/p>\n\n\n\n<p>Documenti dei primi 40 anni di attivit\u00e0 del Centro, in via di riordino.<\/p>\n<\/div>\n<\/div>\n<\/body><\/html>\n\n","protected":false},"featured_media":902,"template":"","class_list":["post-410","library","type-library","status-publish","has-post-thumbnail","hentry"],"yoast_head":"<!-- This site is optimized with the Yoast SEO plugin v24.8.1 - https:\/\/yoast.com\/wordpress\/plugins\/seo\/ -->\n<title>Biblioteca del Centro culturale delle Donne Mara Meoni ODV - ReDoS<\/title>\n<meta name=\"description\" content=\"Il Centro culturale delle donne &quot;Mara Meoni&quot; fa parte di ReDoS, la Rete documentaria e bibliotecaria senese delle biblioteche, degli archivi e dei centri di documentazione dei Comuni della provincia di Siena\" \/>\n<meta name=\"robots\" content=\"noindex, follow, max-snippet:-1, max-image-preview:large, max-video-preview:-1\" \/>\n<meta property=\"og:locale\" content=\"it_IT\" \/>\n<meta property=\"og:type\" content=\"article\" \/>\n<meta property=\"og:title\" content=\"Biblioteca del Centro culturale delle Donne Mara Meoni ODV - ReDoS\" \/>\n<meta property=\"og:description\" content=\"Il Centro culturale delle donne &quot;Mara Meoni&quot; fa parte di ReDoS, la Rete documentaria e bibliotecaria senese delle biblioteche, degli archivi e dei centri di documentazione dei Comuni della provincia di Siena\" \/>\n<meta property=\"og:url\" content=\"https:\/\/qzrstudio.com\/redos\/biblioteca\/centro-culturale-delle-donne-mara-meoni-e-biblioteca-i-libri-delle-donne\/\" \/>\n<meta property=\"og:site_name\" content=\"ReDoS\" \/>\n<meta property=\"article:modified_time\" content=\"2025-04-04T16:07:17+00:00\" \/>\n<meta property=\"og:image\" content=\"https:\/\/qzrstudio.com\/redos\/wp-content\/uploads\/2021\/09\/Siena_MaraMeo-1.jpg\" \/>\n\t<meta property=\"og:image:width\" content=\"1920\" \/>\n\t<meta property=\"og:image:height\" content=\"781\" \/>\n\t<meta property=\"og:image:type\" content=\"image\/jpeg\" \/>\n<meta name=\"twitter:card\" content=\"summary_large_image\" \/>\n<meta name=\"twitter:label1\" content=\"Tempo di lettura stimato\" \/>\n\t<meta name=\"twitter:data1\" content=\"2 minuti\" \/>\n<script type=\"application\/ld+json\" class=\"yoast-schema-graph\">{\"@context\":\"https:\/\/schema.org\",\"@graph\":[{\"@type\":\"WebPage\",\"@id\":\"https:\/\/qzrstudio.com\/redos\/biblioteca\/centro-culturale-delle-donne-mara-meoni-e-biblioteca-i-libri-delle-donne\/\",\"url\":\"https:\/\/qzrstudio.com\/redos\/biblioteca\/centro-culturale-delle-donne-mara-meoni-e-biblioteca-i-libri-delle-donne\/\",\"name\":\"Biblioteca del Centro culturale delle Donne Mara Meoni ODV - ReDoS\",\"isPartOf\":{\"@id\":\"https:\/\/qzrstudio.com\/redos\/#website\"},\"primaryImageOfPage\":{\"@id\":\"https:\/\/qzrstudio.com\/redos\/biblioteca\/centro-culturale-delle-donne-mara-meoni-e-biblioteca-i-libri-delle-donne\/#primaryimage\"},\"image\":{\"@id\":\"https:\/\/qzrstudio.com\/redos\/biblioteca\/centro-culturale-delle-donne-mara-meoni-e-biblioteca-i-libri-delle-donne\/#primaryimage\"},\"thumbnailUrl\":\"https:\/\/qzrstudio.com\/redos\/wp-content\/uploads\/2021\/09\/Siena_MaraMeo-1.jpg\",\"datePublished\":\"2021-09-22T13:55:22+00:00\",\"dateModified\":\"2025-04-04T16:07:17+00:00\",\"description\":\"Il Centro culturale delle donne \\\"Mara Meoni\\\" fa parte di ReDoS, la Rete documentaria e bibliotecaria senese delle biblioteche, degli archivi e dei centri di documentazione dei Comuni della provincia di Siena\",\"breadcrumb\":{\"@id\":\"https:\/\/qzrstudio.com\/redos\/biblioteca\/centro-culturale-delle-donne-mara-meoni-e-biblioteca-i-libri-delle-donne\/#breadcrumb\"},\"inLanguage\":\"it-IT\",\"potentialAction\":[{\"@type\":\"ReadAction\",\"target\":[\"https:\/\/qzrstudio.com\/redos\/biblioteca\/centro-culturale-delle-donne-mara-meoni-e-biblioteca-i-libri-delle-donne\/\"]}]},{\"@type\":\"ImageObject\",\"inLanguage\":\"it-IT\",\"@id\":\"https:\/\/qzrstudio.com\/redos\/biblioteca\/centro-culturale-delle-donne-mara-meoni-e-biblioteca-i-libri-delle-donne\/#primaryimage\",\"url\":\"https:\/\/qzrstudio.com\/redos\/wp-content\/uploads\/2021\/09\/Siena_MaraMeo-1.jpg\",\"contentUrl\":\"https:\/\/qzrstudio.com\/redos\/wp-content\/uploads\/2021\/09\/Siena_MaraMeo-1.jpg\",\"width\":1920,\"height\":781},{\"@type\":\"BreadcrumbList\",\"@id\":\"https:\/\/qzrstudio.com\/redos\/biblioteca\/centro-culturale-delle-donne-mara-meoni-e-biblioteca-i-libri-delle-donne\/#breadcrumb\",\"itemListElement\":[{\"@type\":\"ListItem\",\"position\":1,\"name\":\"Home\",\"item\":\"https:\/\/qzrstudio.com\/redos\/\"},{\"@type\":\"ListItem\",\"position\":2,\"name\":\"Biblioteche\",\"item\":\"https:\/\/qzrstudio.com\/redos\/biblioteca\/\"},{\"@type\":\"ListItem\",\"position\":3,\"name\":\"Biblioteca del Centro culturale delle Donne Mara Meoni ODV\"}]},{\"@type\":\"WebSite\",\"@id\":\"https:\/\/qzrstudio.com\/redos\/#website\",\"url\":\"https:\/\/qzrstudio.com\/redos\/\",\"name\":\"ReDoS\",\"description\":\"Rete Documentaria Senese\",\"potentialAction\":[{\"@type\":\"SearchAction\",\"target\":{\"@type\":\"EntryPoint\",\"urlTemplate\":\"https:\/\/qzrstudio.com\/redos\/?s={search_term_string}\"},\"query-input\":{\"@type\":\"PropertyValueSpecification\",\"valueRequired\":true,\"valueName\":\"search_term_string\"}}],\"inLanguage\":\"it-IT\"}]}<\/script>\n<!-- \/ Yoast SEO plugin. -->","yoast_head_json":{"title":"Biblioteca del Centro culturale delle Donne Mara Meoni ODV - ReDoS","description":"Il Centro culturale delle donne \"Mara Meoni\" fa parte di ReDoS, la Rete documentaria e bibliotecaria senese delle biblioteche, degli archivi e dei centri di documentazione dei Comuni della provincia di Siena","robots":{"index":"noindex","follow":"follow","max-snippet":"max-snippet:-1","max-image-preview":"max-image-preview:large","max-video-preview":"max-video-preview:-1"},"og_locale":"it_IT","og_type":"article","og_title":"Biblioteca del Centro culturale delle Donne Mara Meoni ODV - ReDoS","og_description":"Il Centro culturale delle donne \"Mara Meoni\" fa parte di ReDoS, la Rete documentaria e bibliotecaria senese delle biblioteche, degli archivi e dei centri di documentazione dei Comuni della provincia di Siena","og_url":"https:\/\/qzrstudio.com\/redos\/biblioteca\/centro-culturale-delle-donne-mara-meoni-e-biblioteca-i-libri-delle-donne\/","og_site_name":"ReDoS","article_modified_time":"2025-04-04T16:07:17+00:00","og_image":[{"width":1920,"height":781,"url":"https:\/\/qzrstudio.com\/redos\/wp-content\/uploads\/2021\/09\/Siena_MaraMeo-1.jpg","type":"image\/jpeg"}],"twitter_card":"summary_large_image","twitter_misc":{"Tempo di lettura stimato":"2 minuti"},"schema":{"@context":"https:\/\/schema.org","@graph":[{"@type":"WebPage","@id":"https:\/\/qzrstudio.com\/redos\/biblioteca\/centro-culturale-delle-donne-mara-meoni-e-biblioteca-i-libri-delle-donne\/","url":"https:\/\/qzrstudio.com\/redos\/biblioteca\/centro-culturale-delle-donne-mara-meoni-e-biblioteca-i-libri-delle-donne\/","name":"Biblioteca del Centro culturale delle Donne Mara Meoni ODV - ReDoS","isPartOf":{"@id":"https:\/\/qzrstudio.com\/redos\/#website"},"primaryImageOfPage":{"@id":"https:\/\/qzrstudio.com\/redos\/biblioteca\/centro-culturale-delle-donne-mara-meoni-e-biblioteca-i-libri-delle-donne\/#primaryimage"},"image":{"@id":"https:\/\/qzrstudio.com\/redos\/biblioteca\/centro-culturale-delle-donne-mara-meoni-e-biblioteca-i-libri-delle-donne\/#primaryimage"},"thumbnailUrl":"https:\/\/qzrstudio.com\/redos\/wp-content\/uploads\/2021\/09\/Siena_MaraMeo-1.jpg","datePublished":"2021-09-22T13:55:22+00:00","dateModified":"2025-04-04T16:07:17+00:00","description":"Il Centro culturale delle donne \"Mara Meoni\" fa parte di ReDoS, la Rete documentaria e bibliotecaria senese delle biblioteche, degli archivi e dei centri di documentazione dei Comuni della provincia di Siena","breadcrumb":{"@id":"https:\/\/qzrstudio.com\/redos\/biblioteca\/centro-culturale-delle-donne-mara-meoni-e-biblioteca-i-libri-delle-donne\/#breadcrumb"},"inLanguage":"it-IT","potentialAction":[{"@type":"ReadAction","target":["https:\/\/qzrstudio.com\/redos\/biblioteca\/centro-culturale-delle-donne-mara-meoni-e-biblioteca-i-libri-delle-donne\/"]}]},{"@type":"ImageObject","inLanguage":"it-IT","@id":"https:\/\/qzrstudio.com\/redos\/biblioteca\/centro-culturale-delle-donne-mara-meoni-e-biblioteca-i-libri-delle-donne\/#primaryimage","url":"https:\/\/qzrstudio.com\/redos\/wp-content\/uploads\/2021\/09\/Siena_MaraMeo-1.jpg","contentUrl":"https:\/\/qzrstudio.com\/redos\/wp-content\/uploads\/2021\/09\/Siena_MaraMeo-1.jpg","width":1920,"height":781},{"@type":"BreadcrumbList","@id":"https:\/\/qzrstudio.com\/redos\/biblioteca\/centro-culturale-delle-donne-mara-meoni-e-biblioteca-i-libri-delle-donne\/#breadcrumb","itemListElement":[{"@type":"ListItem","position":1,"name":"Home","item":"https:\/\/qzrstudio.com\/redos\/"},{"@type":"ListItem","position":2,"name":"Biblioteche","item":"https:\/\/qzrstudio.com\/redos\/biblioteca\/"},{"@type":"ListItem","position":3,"name":"Biblioteca del Centro culturale delle Donne Mara Meoni ODV"}]},{"@type":"WebSite","@id":"https:\/\/qzrstudio.com\/redos\/#website","url":"https:\/\/qzrstudio.com\/redos\/","name":"ReDoS","description":"Rete Documentaria Senese","potentialAction":[{"@type":"SearchAction","target":{"@type":"EntryPoint","urlTemplate":"https:\/\/qzrstudio.com\/redos\/?s={search_term_string}"},"query-input":{"@type":"PropertyValueSpecification","valueRequired":true,"valueName":"search_term_string"}}],"inLanguage":"it-IT"}]}},"_links":{"self":[{"href":"https:\/\/qzrstudio.com\/redos\/wp-json\/wp\/v2\/library\/410","targetHints":{"allow":["GET"]}}],"collection":[{"href":"https:\/\/qzrstudio.com\/redos\/wp-json\/wp\/v2\/library"}],"about":[{"href":"https:\/\/qzrstudio.com\/redos\/wp-json\/wp\/v2\/types\/library"}],"wp:featuredmedia":[{"embeddable":true,"href":"https:\/\/qzrstudio.com\/redos\/wp-json\/wp\/v2\/media\/902"}],"wp:attachment":[{"href":"https:\/\/qzrstudio.com\/redos\/wp-json\/wp\/v2\/media?parent=410"}],"curies":[{"name":"wp","href":"https:\/\/api.w.org\/{rel}","templated":true}]}}